{"id":424,"date":"2022-07-11T11:47:18","date_gmt":"2022-07-11T09:47:18","guid":{"rendered":"http:\/\/exposition-mateo-maximoff.fnasat.asso.fr\/?page_id=424"},"modified":"2023-03-16T22:26:27","modified_gmt":"2023-03-16T21:26:27","slug":"je-continue-a-ecrire-cest-ma-seule-consolation","status":"publish","type":"page","link":"https:\/\/exposition-mateo-maximoff.fnasat.asso.fr\/index.php\/je-continue-a-ecrire-cest-ma-seule-consolation\/","title":{"rendered":"JE CONTINUE A \u00c9CRIRE C\u2019EST MA SEULE CONSOLATION"},"content":{"rendered":"<p>[et_pb_section fb_built=\u00a0\u00bb1&Prime; next_background_color=\u00a0\u00bb#ffffff\u00a0\u00bb _builder_version=\u00a0\u00bb4.17.4&Prime; _module_preset=\u00a0\u00bbdefault\u00a0\u00bb use_background_color_gradient=\u00a0\u00bbon\u00a0\u00bb background_color_gradient_stops=\u00a0\u00bbrgba(0,0,0,0.55) 0%|rgba(0,0,0,0.3) 100%\u00a0\u00bb background_color_gradient_overlays_image=\u00a0\u00bbon\u00a0\u00bb background_image=\u00a0\u00bbhttp:\/\/exposition-mateo-maximoff.fnasat.asso.fr\/wp-content\/uploads\/2022\/07\/BELA-BERNAND.jpg\u00a0\u00bb background_position=\u00a0\u00bbtop_center\u00a0\u00bb custom_padding=\u00a0\u00bb69px||59px|||\u00a0\u00bb bottom_divider_style=\u00a0\u00bbcurve\u00a0\u00bb da_disable_devices=\u00a0\u00bboff|off|off\u00a0\u00bb global_colors_info=\u00a0\u00bb{}\u00a0\u00bb da_is_popup=\u00a0\u00bboff\u00a0\u00bb da_exit_intent=\u00a0\u00bboff\u00a0\u00bb da_has_close=\u00a0\u00bbon\u00a0\u00bb da_alt_close=\u00a0\u00bboff\u00a0\u00bb da_dark_close=\u00a0\u00bboff\u00a0\u00bb da_not_modal=\u00a0\u00bbon\u00a0\u00bb da_is_singular=\u00a0\u00bboff\u00a0\u00bb da_with_loader=\u00a0\u00bboff\u00a0\u00bb da_has_shadow=\u00a0\u00bbon\u00a0\u00bb][et_pb_row _builder_version=\u00a0\u00bb4.17.3&Prime; _module_preset=\u00a0\u00bbdefault\u00a0\u00bb custom_padding=\u00a0\u00bb100px||100px||false|false\u00a0\u00bb global_colors_info=\u00a0\u00bb{}\u00a0\u00bb][et_pb_column type=\u00a0\u00bb4_4&Prime; _builder_version=\u00a0\u00bb4.17.0&Prime; _module_preset=\u00a0\u00bbdefault\u00a0\u00bb global_colors_info=\u00a0\u00bb{}\u00a0\u00bb][et_pb_text _builder_version=\u00a0\u00bb4.17.4&Prime; _module_preset=\u00a0\u00bbdefault\u00a0\u00bb text_font=\u00a0\u00bbPlayfair Display|||on|||||\u00a0\u00bb text_text_color=\u00a0\u00bb#FFFFFF\u00a0\u00bb text_font_size=\u00a0\u00bb50px\u00a0\u00bb text_line_height=\u00a0\u00bb1.2em\u00a0\u00bb text_orientation=\u00a0\u00bbcenter\u00a0\u00bb custom_margin=\u00a0\u00bb||||false|false\u00a0\u00bb global_colors_info=\u00a0\u00bb{}\u00a0\u00bb]JE CONTINUE A \u00e9CRIRE C\u2019EST MA SEULE CONSOLATION [\/et_pb_text][\/et_pb_column][\/et_pb_row][\/et_pb_section][et_pb_section fb_built=\u00a0\u00bb1&Prime; _builder_version=\u00a0\u00bb4.17.0&Prime; _module_preset=\u00a0\u00bbdefault\u00a0\u00bb background_enable_color=\u00a0\u00bboff\u00a0\u00bb da_disable_devices=\u00a0\u00bboff|off|off\u00a0\u00bb global_colors_info=\u00a0\u00bb{}\u00a0\u00bb da_is_popup=\u00a0\u00bboff\u00a0\u00bb da_exit_intent=\u00a0\u00bboff\u00a0\u00bb da_has_close=\u00a0\u00bbon\u00a0\u00bb da_alt_close=\u00a0\u00bboff\u00a0\u00bb da_dark_close=\u00a0\u00bboff\u00a0\u00bb da_not_modal=\u00a0\u00bbon\u00a0\u00bb da_is_singular=\u00a0\u00bboff\u00a0\u00bb da_with_loader=\u00a0\u00bboff\u00a0\u00bb da_has_shadow=\u00a0\u00bbon\u00a0\u00bb][et_pb_row column_structure=\u00a0\u00bb1_5,3_5,1_5&Prime; _builder_version=\u00a0\u00bb4.17.0&Prime; _module_preset=\u00a0\u00bbdefault\u00a0\u00bb custom_padding=\u00a0\u00bb||60px|||\u00a0\u00bb global_colors_info=\u00a0\u00bb{}\u00a0\u00bb][et_pb_column type=\u00a0\u00bb1_5&Prime; _builder_version=\u00a0\u00bb4.17.0&Prime; _module_preset=\u00a0\u00bbdefault\u00a0\u00bb global_colors_info=\u00a0\u00bb{}\u00a0\u00bb][et_pb_text _builder_version=\u00a0\u00bb4.17.3&Prime; _module_preset=\u00a0\u00bbdefault\u00a0\u00bb text_font=\u00a0\u00bbTimes New Roman||||||||\u00a0\u00bb text_font_size=\u00a0\u00bb159px\u00a0\u00bb text_orientation=\u00a0\u00bbcenter\u00a0\u00bb module_alignment=\u00a0\u00bbcenter\u00a0\u00bb custom_margin_tablet=\u00a0\u00bb||40px||false|false\u00a0\u00bb custom_margin_phone=\u00a0\u00bb||40px||false|false\u00a0\u00bb custom_margin_last_edited=\u00a0\u00bbon|tablet\u00a0\u00bb text_orientation_tablet=\u00a0\u00bbleft\u00a0\u00bb text_orientation_phone=\u00a0\u00bbleft\u00a0\u00bb text_orientation_last_edited=\u00a0\u00bbon|phone\u00a0\u00bb global_colors_info=\u00a0\u00bb{}\u00a0\u00bb] \t&laquo;[\/et_pb_text][\/et_pb_column][et_pb_column type=\u00a0\u00bb3_5&Prime; _builder_version=\u00a0\u00bb4.17.0&Prime; _module_preset=\u00a0\u00bbdefault\u00a0\u00bb global_colors_info=\u00a0\u00bb{}\u00a0\u00bb][et_pb_text _builder_version=\u00a0\u00bb4.17.4&Prime; _module_preset=\u00a0\u00bbdefault\u00a0\u00bb text_font=\u00a0\u00bbPlayfair Display||on||||||\u00a0\u00bb text_font_size=\u00a0\u00bb25px\u00a0\u00bb text_line_height=\u00a0\u00bb1.4em\u00a0\u00bb global_colors_info=\u00a0\u00bb{}\u00a0\u00bb]Je me souviens que Savka, mon grand-oncle, nous avait dit juste avant la guerre : &#8211; Regardez-vous bien les uns les autres, vous les jeunes, car jamais vous ne serez plus ensemble. Oui, nous \u00e9tions encore quelques-uns \u00e0 \u00eatre r\u00e9unis. Mais combien d\u2019entre nous manquaient. Certains \u00e9taient morts, soit \u00e0 la guerre soit dans la R\u00e9sistance, soit encore dans les camps de concentration. C\u2019est que nous ignorions jusqu\u2019alors, ce qui s\u2019\u00e9tait pass\u00e9 en Allemagne. C\u2019est au fur et \u00e0 mesure que les arm\u00e9es alli\u00e9es avan\u00e7aient que nous avons eu des informations. Oui, la guerre \u00e9tait finie. Mais disons-le, nos malheurs commen\u00e7aient, ou ils continuaient. [\/et_pb_text][et_pb_text _builder_version=\u00a0\u00bb4.17.3&Prime; _module_preset=\u00a0\u00bbdefault\u00a0\u00bb text_font=\u00a0\u00bbPlayfair Display||on||||||\u00a0\u00bb text_line_height=\u00a0\u00bb1.4em\u00a0\u00bb global_colors_info=\u00a0\u00bb{}\u00a0\u00bb]Mat\u00e9o Maximoff &#8211; Routes sans roulottes[\/et_pb_text][\/et_pb_column][et_pb_column type=\u00a0\u00bb1_5&Prime; _builder_version=\u00a0\u00bb4.17.0&Prime; _module_preset=\u00a0\u00bbdefault\u00a0\u00bb global_colors_info=\u00a0\u00bb{}\u00a0\u00bb][et_pb_text _builder_version=\u00a0\u00bb4.17.3&Prime; _module_preset=\u00a0\u00bbdefault\u00a0\u00bb text_font=\u00a0\u00bbTimes New Roman||||||||\u00a0\u00bb text_font_size=\u00a0\u00bb159px\u00a0\u00bb module_alignment=\u00a0\u00bbcenter\u00a0\u00bb custom_margin=\u00a0\u00bb300px||||false|false\u00a0\u00bb custom_margin_tablet=\u00a0\u00bb0px||||false|false\u00a0\u00bb custom_margin_phone=\u00a0\u00bb0px||||false|false\u00a0\u00bb custom_margin_last_edited=\u00a0\u00bbon|phone\u00a0\u00bb custom_padding=\u00a0\u00bb||||false|false\u00a0\u00bb text_orientation_tablet=\u00a0\u00bbright\u00a0\u00bb text_orientation_phone=\u00a0\u00bbright\u00a0\u00bb text_orientation_last_edited=\u00a0\u00bbon|phone\u00a0\u00bb global_colors_info=\u00a0\u00bb{}\u00a0\u00bb]&raquo;[\/et_pb_text][\/et_pb_column][\/et_pb_row][et_pb_row _builder_version=\u00a0\u00bb4.17.6&Prime; _module_preset=\u00a0\u00bbdefault\u00a0\u00bb custom_padding=\u00a0\u00bb||18px|||\u00a0\u00bb global_colors_info=\u00a0\u00bb{}\u00a0\u00bb][et_pb_column type=\u00a0\u00bb4_4&Prime; _builder_version=\u00a0\u00bb4.17.0&Prime; _module_preset=\u00a0\u00bbdefault\u00a0\u00bb global_colors_info=\u00a0\u00bb{}\u00a0\u00bb][et_pb_image src=\u00a0\u00bbhttp:\/\/exposition-mateo-maximoff.fnasat.asso.fr\/wp-content\/uploads\/2022\/07\/01-photo-Bela-Bernand-archives-Mateo-Maximoff.jpg\u00a0\u00bb title_text=\u00a0\u00bb01-photo Bela Bernand-archives Mat\u00e9o Maximoff\u00a0\u00bb align=\u00a0\u00bbcenter\u00a0\u00bb _builder_version=\u00a0\u00bb4.17.6&Prime; _module_preset=\u00a0\u00bbdefault\u00a0\u00bb custom_margin=\u00a0\u00bb||4px|||\u00a0\u00bb global_colors_info=\u00a0\u00bb{}\u00a0\u00bb][\/et_pb_image][et_pb_text _builder_version=\u00a0\u00bb4.17.6&Prime; _module_preset=\u00a0\u00bbdefault\u00a0\u00bb text_font_size=\u00a0\u00bb16px\u00a0\u00bb text_line_height=\u00a0\u00bb1.2em\u00a0\u00bb text_orientation=\u00a0\u00bbcenter\u00a0\u00bb custom_margin=\u00a0\u00bb6px|||||\u00a0\u00bb global_colors_info=\u00a0\u00bb{}\u00a0\u00bb]Photo Bela Bernand, archives Mat\u00e9o Maximoff[\/et_pb_text][\/et_pb_column][\/et_pb_row][et_pb_row _builder_version=\u00a0\u00bb4.17.6&Prime; _module_preset=\u00a0\u00bbdefault\u00a0\u00bb custom_padding=\u00a0\u00bb||50px|||\u00a0\u00bb global_colors_info=\u00a0\u00bb{}\u00a0\u00bb][et_pb_column type=\u00a0\u00bb4_4&Prime; _builder_version=\u00a0\u00bb4.17.6&Prime; _module_preset=\u00a0\u00bbdefault\u00a0\u00bb global_colors_info=\u00a0\u00bb{}\u00a0\u00bb][et_pb_text _builder_version=\u00a0\u00bb4.17.6&Prime; _module_preset=\u00a0\u00bbdefault\u00a0\u00bb text_orientation=\u00a0\u00bbjustified\u00a0\u00bb global_colors_info=\u00a0\u00bb{}\u00a0\u00bb]<\/p>\n<p>De retour en banlieue parisienne, \u00e0 Montreuil-sous-Bois, Mat\u00e9o a une obsession, clamer \u00e0 la face du monde la trag\u00e9die du g\u00e9nocide des Tsiganes pour briser le silence qui entoure ce drame. L\u2019\u00e9criture est devenu son moyen d\u2019expression essentiel. Le manuscrit de son roman, \u00ab les Ursitory \u00bb est chez Flammarion. Il doit sa publication \u00e0 la t\u00e9nacit\u00e9 de maitre Isorni qui est rest\u00e9 en lien avec Mateo, pendant la guerre et lui a fourni le papier n\u00e9cessaire \u00e0 la r\u00e9daction de nombreux textes r\u00e9dig\u00e9s dans les camps.<\/p>\n<p>[\/et_pb_text][\/et_pb_column][\/et_pb_row][et_pb_row _builder_version=\u00a0\u00bb4.17.0&Prime; _module_preset=\u00a0\u00bbdefault\u00a0\u00bb custom_padding=\u00a0\u00bb4px||46px|||\u00a0\u00bb global_colors_info=\u00a0\u00bb{}\u00a0\u00bb][et_pb_column type=\u00a0\u00bb4_4&Prime; _builder_version=\u00a0\u00bb4.17.3&Prime; _module_preset=\u00a0\u00bbdefault\u00a0\u00bb global_colors_info=\u00a0\u00bb{}\u00a0\u00bb][et_pb_image src=\u00a0\u00bbhttp:\/\/exposition-mateo-maximoff.fnasat.asso.fr\/wp-content\/uploads\/2022\/07\/02-Cahier-poemes-manuscrits-archives-Mateo-Maximoff.jpg\u00a0\u00bb title_text=\u00a0\u00bb02-Cahier po\u00e8mes manuscrits -archives Mat\u00e9o Maximoff\u00a0\u00bb align=\u00a0\u00bbcenter\u00a0\u00bb _builder_version=\u00a0\u00bb4.17.4&Prime; _module_preset=\u00a0\u00bbdefault\u00a0\u00bb custom_margin=\u00a0\u00bb||0px||false|false\u00a0\u00bb custom_padding=\u00a0\u00bb||7px||false|false\u00a0\u00bb border_radii=\u00a0\u00bbon|15px|15px|15px|15px\u00a0\u00bb global_colors_info=\u00a0\u00bb{}\u00a0\u00bb][\/et_pb_image][et_pb_text _builder_version=\u00a0\u00bb4.17.4&Prime; _module_preset=\u00a0\u00bbdefault\u00a0\u00bb text_font_size=\u00a0\u00bb16px\u00a0\u00bb text_line_height=\u00a0\u00bb1.2em\u00a0\u00bb text_orientation=\u00a0\u00bbcenter\u00a0\u00bb global_colors_info=\u00a0\u00bb{}\u00a0\u00bb]Cahier po\u00e8mes manuscrits &#8211; archives Mat\u00e9o Maximoff[\/et_pb_text][et_pb_text _builder_version=\u00a0\u00bb4.17.4&Prime; _module_preset=\u00a0\u00bbdefault\u00a0\u00bb text_font=\u00a0\u00bb||on||||||\u00a0\u00bb text_orientation=\u00a0\u00bbcenter\u00a0\u00bb custom_padding=\u00a0\u00bb18px|||||\u00a0\u00bb global_colors_info=\u00a0\u00bb{}\u00a0\u00bb]\u00ab Je ne sais plus combien de romans j\u2019avais \u00e9crit pendant mon internement \u00e0 Lannemezan et \u00e0 Tarbes. Dans mon petit sac \u00e0 dos, j\u2019avais mis tout ce que je pouvais ; mais il y en avait beaucoup d\u2019autres que j\u2019ai laiss\u00e9s l\u00e0-bas et que j\u2019ai oubli\u00e9s. Je continue \u00e0 \u00e9crire, je ne m\u2019arr\u00eaterai pas, c\u2019est ma seule consolation. \u00bb[\/et_pb_text][\/et_pb_column][\/et_pb_row][et_pb_row column_structure=\u00a0\u00bb1_2,1_2&Prime; _builder_version=\u00a0\u00bb4.17.4&Prime; _module_preset=\u00a0\u00bbdefault\u00a0\u00bb global_colors_info=\u00a0\u00bb{}\u00a0\u00bb][et_pb_column type=\u00a0\u00bb1_2&Prime; _builder_version=\u00a0\u00bb4.17.0&Prime; _module_preset=\u00a0\u00bbdefault\u00a0\u00bb global_colors_info=\u00a0\u00bb{}\u00a0\u00bb][et_pb_button button_url=\u00a0\u00bb#camp\u00a0\u00bb button_text=\u00a0\u00bb\u00ab le cercle litt\u00e9raire \u00bb du camp de Lannemezan\u00a0\u00bb _builder_version=\u00a0\u00bb4.18.0&Prime; _module_preset=\u00a0\u00bbdefault\u00a0\u00bb custom_button=\u00a0\u00bbon\u00a0\u00bb button_text_size=\u00a0\u00bb25px\u00a0\u00bb button_text_color=\u00a0\u00bb#FFFFFF\u00a0\u00bb button_bg_use_color_gradient=\u00a0\u00bbon\u00a0\u00bb button_bg_color_gradient_stops=\u00a0\u00bbrgba(0,0,0,0.2) 0%|rgba(0,0,0,0.2) 100%\u00a0\u00bb button_bg_color_gradient_overlays_image=\u00a0\u00bbon\u00a0\u00bb button_bg_image=\u00a0\u00bbhttp:\/\/exposition-mateo-maximoff.fnasat.asso.fr\/wp-content\/uploads\/2022\/05\/bouton5.png\u00a0\u00bb button_icon=\u00a0\u00bb&#x50;||divi||400&Prime; button_on_hover=\u00a0\u00bboff\u00a0\u00bb custom_padding=\u00a0\u00bb20px|60px|20px|40px|true|false\u00a0\u00bb hover_enabled=\u00a0\u00bb0&Prime; button_text_size_tablet=\u00a0\u00bb25px\u00a0\u00bb button_text_size_phone=\u00a0\u00bb25px\u00a0\u00bb button_text_size_last_edited=\u00a0\u00bbon|phone\u00a0\u00bb custom_css_main_element=\u00a0\u00bbbackground-size: 100%;||transition: all 0.5s ease;\u00a0\u00bb global_colors_info=\u00a0\u00bb{}\u00a0\u00bb custom_css_main_element__hover_enabled=\u00a0\u00bbon|hover\u00a0\u00bb custom_css_main_element__hover=\u00a0\u00bbbackground-size: 130%;||opacity:0.8;\u00a0\u00bb sticky_enabled=\u00a0\u00bb0&Prime;][\/et_pb_button][\/et_pb_column][et_pb_column type=\u00a0\u00bb1_2&Prime; _builder_version=\u00a0\u00bb4.17.0&Prime; _module_preset=\u00a0\u00bbdefault\u00a0\u00bb global_colors_info=\u00a0\u00bb{}\u00a0\u00bb][\/et_pb_column][\/et_pb_row][et_pb_row column_structure=\u00a0\u00bb1_2,1_2&Prime; _builder_version=\u00a0\u00bb4.17.3&Prime; _module_preset=\u00a0\u00bbdefault\u00a0\u00bb custom_padding=\u00a0\u00bb||34px|||\u00a0\u00bb global_colors_info=\u00a0\u00bb{}\u00a0\u00bb][et_pb_column type=\u00a0\u00bb1_2&Prime; _builder_version=\u00a0\u00bb4.17.0&Prime; _module_preset=\u00a0\u00bbdefault\u00a0\u00bb global_colors_info=\u00a0\u00bb{}\u00a0\u00bb][et_pb_image src=\u00a0\u00bbhttp:\/\/exposition-mateo-maximoff.fnasat.asso.fr\/wp-content\/uploads\/2022\/07\/03-1954-Qui-detective-photo-Robert-Doisneau.jpg\u00a0\u00bb title_text=\u00a0\u00bb03-1954-Qui detective (photo Robert Doisneau)\u00a0\u00bb _builder_version=\u00a0\u00bb4.17.4&Prime; _module_preset=\u00a0\u00bbdefault\u00a0\u00bb custom_margin=\u00a0\u00bb||4px|||\u00a0\u00bb global_colors_info=\u00a0\u00bb{}\u00a0\u00bb][\/et_pb_image][et_pb_text _builder_version=\u00a0\u00bb4.17.4&Prime; _module_preset=\u00a0\u00bbdefault\u00a0\u00bb text_font_size=\u00a0\u00bb16px\u00a0\u00bb text_line_height=\u00a0\u00bb1.2em\u00a0\u00bb custom_margin=\u00a0\u00bb4px|||||\u00a0\u00bb global_colors_info=\u00a0\u00bb{}\u00a0\u00bb]1954 &#8211; Qui detective (photo Robert Doisneau)[\/et_pb_text][\/et_pb_column][et_pb_column type=\u00a0\u00bb1_2&Prime; _builder_version=\u00a0\u00bb4.17.0&Prime; _module_preset=\u00a0\u00bbdefault\u00a0\u00bb global_colors_info=\u00a0\u00bb{}\u00a0\u00bb][et_pb_text _builder_version=\u00a0\u00bb4.17.4&Prime; _module_preset=\u00a0\u00bbdefault\u00a0\u00bb text_font=\u00a0\u00bbPlayfair Display||||||||\u00a0\u00bb background_color=\u00a0\u00bbRGBA(255,255,255,0)\u00a0\u00bb text_orientation=\u00a0\u00bbjustified\u00a0\u00bb custom_margin=\u00a0\u00bb||||false|false\u00a0\u00bb custom_padding=\u00a0\u00bb||||true|true\u00a0\u00bb global_colors_info=\u00a0\u00bb{}\u00a0\u00bb]<\/p>\n<p>\u00abLes Ursitory\u00bb \u00e9crit en 1938, est enfin publi\u00e9 en 1946. Les actualit\u00e9s fran\u00e7aises consacrent un reportage film\u00e9 \u00e0 la correction des \u00e9preuves \u00e0 la librairie Flammarion. Les critiques sont \u00e9logieuses (New York Herald Tribune, Le Figaro Litt\u00e9raire, France soir, etc.). Maximoff est souvent pr\u00e9sent\u00e9 comme le \u00ab premier \u00e9crivain tsigane \u00bb, les journalistes se pressent \u00e0 Montreuil pour le rencontrer et de nombreux articles, souvent illustr\u00e9s par les plus grands photographes (Doisneau, Brassa\u00ef, Willy Ronis, Daettwyler) lui sont consacr\u00e9s.<\/p>\n<p>Jean Claude Carri\u00e8re, alors adolescent, dont les parents tiennent un caf\u00e9 \u00e0 Montreuil <em>\u00ab choisi par les Gitans pour \u00eatre leur bistrot \u00bb<\/em>, se souvient : <em>\u00ab quand je pense \u00e0 Mat\u00e9o, c\u2019est la m\u00eame image qui me revient. Il est assis par terre, assis en tailleur sur un trottoir, \u00e0 Montreuil-sous-Bois sans doute au soleil, et il tape sur une machine \u00e0 \u00e9crire. C\u2019est une image inoubliable (il faut dire qu\u2019elle nous vient de Robert Doisneau, qui fr\u00e9quentait alors les banlieues proches), car l\u2019homme assis l\u00e0 ne fait aucune esbroufe, ne joue aucun r\u00f4le. Simplement il s\u2019est assis sur un trottoir et il \u00e9crit. Sa machine \u00e0 \u00e9crire est ancienne, et probablement fatigu\u00e9e. Son visage est s\u00e9rieux et m\u00eame appliqu\u00e9. Il ne pose pas. Il ne soucie pas de ceux qui passent pr\u00e8s de lui. Il est \u00e0 la place de son peuple, c\u2019est-\u00e0-dire dans un lieu de passage, et il raconte l\u2019histoire de ce peuple (..)<\/em> \u00bb<\/p>\n<p>[\/et_pb_text][\/et_pb_column][\/et_pb_row][et_pb_row _builder_version=\u00a0\u00bb4.17.4&Prime; _module_preset=\u00a0\u00bbdefault\u00a0\u00bb global_colors_info=\u00a0\u00bb{}\u00a0\u00bb][et_pb_column type=\u00a0\u00bb4_4&Prime; _builder_version=\u00a0\u00bb4.17.4&Prime; _module_preset=\u00a0\u00bbdefault\u00a0\u00bb global_colors_info=\u00a0\u00bb{}\u00a0\u00bb][et_pb_image src=\u00a0\u00bbhttp:\/\/exposition-mateo-maximoff.fnasat.asso.fr\/wp-content\/uploads\/2022\/07\/04-Lettres-de-Blaise-Cendrars-du-5-janvier-1949-Archives-Mateo-Maximoff.jpg\u00a0\u00bb title_text=\u00a0\u00bb04-Lettres de Blaise Cendrars du 5 janvier 1949- Archives Mateo Maximoff\u00a0\u00bb align=\u00a0\u00bbcenter\u00a0\u00bb _builder_version=\u00a0\u00bb4.17.4&Prime; _module_preset=\u00a0\u00bbdefault\u00a0\u00bb custom_margin=\u00a0\u00bb||7px|||\u00a0\u00bb global_colors_info=\u00a0\u00bb{}\u00a0\u00bb][\/et_pb_image][et_pb_text _builder_version=\u00a0\u00bb4.17.4&Prime; _module_preset=\u00a0\u00bbdefault\u00a0\u00bb text_font_size=\u00a0\u00bb16px\u00a0\u00bb text_line_height=\u00a0\u00bb1.2em\u00a0\u00bb text_orientation=\u00a0\u00bbcenter\u00a0\u00bb global_colors_info=\u00a0\u00bb{}\u00a0\u00bb]Lettres de Blaise Cendrars du 5 janvier 1949 &#8211; Archives Mat\u00e9o Maximoff[\/et_pb_text][\/et_pb_column][\/et_pb_row][et_pb_row _builder_version=\u00a0\u00bb4.17.4&Prime; _module_preset=\u00a0\u00bbdefault\u00a0\u00bb global_colors_info=\u00a0\u00bb{}\u00a0\u00bb][et_pb_column type=\u00a0\u00bb4_4&Prime; _builder_version=\u00a0\u00bb4.17.4&Prime; _module_preset=\u00a0\u00bbdefault\u00a0\u00bb global_colors_info=\u00a0\u00bb{}\u00a0\u00bb][et_pb_divider divider_weight=\u00a0\u00bb2px\u00a0\u00bb _builder_version=\u00a0\u00bb4.17.4&Prime; _module_preset=\u00a0\u00bbdefault\u00a0\u00bb width=\u00a0\u00bb3%\u00a0\u00bb module_alignment=\u00a0\u00bbcenter\u00a0\u00bb global_colors_info=\u00a0\u00bb{}\u00a0\u00bb][\/et_pb_divider][\/et_pb_column][\/et_pb_row][et_pb_row _builder_version=\u00a0\u00bb4.17.3&Prime; _module_preset=\u00a0\u00bbdefault\u00a0\u00bb custom_padding=\u00a0\u00bb||34px|||\u00a0\u00bb global_colors_info=\u00a0\u00bb{}\u00a0\u00bb][et_pb_column type=\u00a0\u00bb4_4&Prime; _builder_version=\u00a0\u00bb4.17.0&Prime; _module_preset=\u00a0\u00bbdefault\u00a0\u00bb global_colors_info=\u00a0\u00bb{}\u00a0\u00bb][et_pb_text _builder_version=\u00a0\u00bb4.17.4&Prime; _module_preset=\u00a0\u00bbdefault\u00a0\u00bb text_font=\u00a0\u00bbPlayfair Display||||||||\u00a0\u00bb background_color=\u00a0\u00bbRGBA(255,255,255,0)\u00a0\u00bb text_orientation=\u00a0\u00bbjustified\u00a0\u00bb custom_margin=\u00a0\u00bb||||false|false\u00a0\u00bb custom_padding=\u00a0\u00bb||||true|true\u00a0\u00bb global_colors_info=\u00a0\u00bb{}\u00a0\u00bb]En 1955, parution du roman \u00ab Le prix de la libert\u00e9 \u00bb chez Flammarion, suivi de \u00ab Savina \u00bb en 1957. L\u2019activit\u00e9 litt\u00e9raire de Mat\u00e9o le propulse dans le monde artistique. Blaise Cendrars lui propose son aide pour une adaptation cin\u00e9matographique des \u00ab Ursitory \u00bb, projet qui ne verra malheureusement pas le jour, bien que certains acteurs, Michel Auclair, Anna Magnani, aient d\u00e9j\u00e0 \u00e9t\u00e9 pressentis pour les r\u00f4les. [\/et_pb_text][\/et_pb_column][\/et_pb_row][et_pb_row _builder_version=\u00a0\u00bb4.17.0&Prime; _module_preset=\u00a0\u00bbdefault\u00a0\u00bb custom_padding=\u00a0\u00bb0px||0px|||\u00a0\u00bb global_colors_info=\u00a0\u00bb{}\u00a0\u00bb][et_pb_column type=\u00a0\u00bb4_4&Prime; _builder_version=\u00a0\u00bb4.17.0&Prime; _module_preset=\u00a0\u00bbdefault\u00a0\u00bb global_colors_info=\u00a0\u00bb{}\u00a0\u00bb][et_pb_image src=\u00a0\u00bbhttp:\/\/exposition-mateo-maximoff.fnasat.asso.fr\/wp-content\/uploads\/2022\/07\/05-Otto-Daettwiller-Tsiganes-Buchergilde-Gutenberg-Zurich-1959-textes-Mateo-Maximoff.jpg\u00a0\u00bb title_text=\u00a0\u00bb05-Otto Daettwiller &#8211; Tsiganes-B\u00fcchergilde Gutenberg, Z\u00fcrich, 1959- textes Mat\u00e9o Maximoff\u00a0\u00bb align=\u00a0\u00bbcenter\u00a0\u00bb _builder_version=\u00a0\u00bb4.17.4&Prime; _module_preset=\u00a0\u00bbdefault\u00a0\u00bb custom_margin=\u00a0\u00bb||10px||false|false\u00a0\u00bb global_colors_info=\u00a0\u00bb{}\u00a0\u00bb][\/et_pb_image][et_pb_text _builder_version=\u00a0\u00bb4.17.4&Prime; _module_preset=\u00a0\u00bbdefault\u00a0\u00bb text_font_size=\u00a0\u00bb16px\u00a0\u00bb text_line_height=\u00a0\u00bb1.2em\u00a0\u00bb text_orientation=\u00a0\u00bbcenter\u00a0\u00bb custom_margin=\u00a0\u00bb||15px|||\u00a0\u00bb global_colors_info=\u00a0\u00bb{}\u00a0\u00bb]Otto Daettwiller &#8211; Tsiganes-B\u00fcchergilde Gutenberg, Z\u00fcrich, 1959 &#8211; textes Mat\u00e9o Maximoff[\/et_pb_text][\/et_pb_column][\/et_pb_row][et_pb_row _builder_version=\u00a0\u00bb4.17.3&Prime; _module_preset=\u00a0\u00bbdefault\u00a0\u00bb custom_padding=\u00a0\u00bb||34px|||\u00a0\u00bb global_colors_info=\u00a0\u00bb{}\u00a0\u00bb][et_pb_column type=\u00a0\u00bb4_4&Prime; _builder_version=\u00a0\u00bb4.17.0&Prime; _module_preset=\u00a0\u00bbdefault\u00a0\u00bb global_colors_info=\u00a0\u00bb{}\u00a0\u00bb][et_pb_text _builder_version=\u00a0\u00bb4.17.4&Prime; _module_preset=\u00a0\u00bbdefault\u00a0\u00bb text_font=\u00a0\u00bbPlayfair Display||||||||\u00a0\u00bb background_color=\u00a0\u00bbRGBA(255,255,255,0)\u00a0\u00bb text_orientation=\u00a0\u00bbjustified\u00a0\u00bb custom_margin=\u00a0\u00bb||||false|false\u00a0\u00bb custom_padding=\u00a0\u00bb||||true|true\u00a0\u00bb global_colors_info=\u00a0\u00bb{}\u00a0\u00bb]<\/p>\n<p>Durant cette p\u00e9riode et jusqu\u2019aux ann\u00e9es 1960, Mat\u00e9o ne cesse d\u2019\u00e9crire : il publie des articles dans des revues savantes (Etudes tsiganes, Gypsy Lore Society) et des magazines o\u00f9 il \u00e9crit des chroniques r\u00e9guli\u00e8res, critiques de cin\u00e9ma, et articles militants .<br \/>Malgr\u00e9 l\u2019ampleur de son travail et sa notori\u00e9t\u00e9, la fortune n\u2019est pas au rendez-vous et Mat\u00e9o continue de vivre \u00e0 Montreuil, dans une modeste baraque, parmi les Roms de sa famille. Il rencontre Tita et ils ont une petite fille Anouk, surnomm\u00e9e <span style=\"text-decoration: underline;\"><a href=\"https:\/\/fnasat.centredoc.fr\/doc_num.php?explnum_id=1939\" target=\"_blank\" rel=\"noopener\">Nouka<\/a><\/span>. Les reportages illustr\u00e9s dans les magazines se font l\u2019\u00e9cho de ce bonheur familial<\/p>\n<p>[\/et_pb_text][\/et_pb_column][\/et_pb_row][et_pb_row column_structure=\u00a0\u00bb1_2,1_2&Prime; _builder_version=\u00a0\u00bb4.17.0&Prime; _module_preset=\u00a0\u00bbdefault\u00a0\u00bb custom_margin=\u00a0\u00bb9px|auto||auto||\u00a0\u00bb custom_padding=\u00a0\u00bb0px||237px|||\u00a0\u00bb global_colors_info=\u00a0\u00bb{}\u00a0\u00bb][et_pb_column type=\u00a0\u00bb1_2&Prime; _builder_version=\u00a0\u00bb4.17.0&Prime; _module_preset=\u00a0\u00bbdefault\u00a0\u00bb global_colors_info=\u00a0\u00bb{}\u00a0\u00bb][et_pb_image src=\u00a0\u00bbhttp:\/\/exposition-mateo-maximoff.fnasat.asso.fr\/wp-content\/uploads\/2022\/07\/06-Mateo-Maximoff-archives-de-lauteur-DR.jpg\u00a0\u00bb title_text=\u00a0\u00bb06-Mateo Maximoff- archives de l&rsquo;auteur- DR\u00a0\u00bb _builder_version=\u00a0\u00bb4.17.4&Prime; _module_preset=\u00a0\u00bbdefault\u00a0\u00bb custom_margin=\u00a0\u00bb1px||5px||false|false\u00a0\u00bb global_colors_info=\u00a0\u00bb{}\u00a0\u00bb][\/et_pb_image][et_pb_text _builder_version=\u00a0\u00bb4.17.4&Prime; _module_preset=\u00a0\u00bbdefault\u00a0\u00bb text_font_size=\u00a0\u00bb16px\u00a0\u00bb text_line_height=\u00a0\u00bb1.2em\u00a0\u00bb custom_margin=\u00a0\u00bb4px|||||\u00a0\u00bb global_colors_info=\u00a0\u00bb{}\u00a0\u00bb]Mat\u00e9o Maximoff &#8211; archives de l&rsquo;auteur &#8211; DR[\/et_pb_text][\/et_pb_column][et_pb_column type=\u00a0\u00bb1_2&Prime; _builder_version=\u00a0\u00bb4.17.0&Prime; _module_preset=\u00a0\u00bbdefault\u00a0\u00bb global_colors_info=\u00a0\u00bb{}\u00a0\u00bb][et_pb_text _builder_version=\u00a0\u00bb4.17.4&Prime; _module_preset=\u00a0\u00bbdefault\u00a0\u00bb text_font=\u00a0\u00bbPlayfair Display||||||||\u00a0\u00bb background_color=\u00a0\u00bb#FFFFFF\u00a0\u00bb text_orientation=\u00a0\u00bbjustified\u00a0\u00bb custom_margin=\u00a0\u00bb31.3%||-30%|-30%|false|false\u00a0\u00bb custom_margin_tablet=\u00a0\u00bb0%||0%|0%|false|false\u00a0\u00bb custom_margin_phone=\u00a0\u00bb0%||0%|0%|false|false\u00a0\u00bb custom_margin_last_edited=\u00a0\u00bbon|phone\u00a0\u00bb custom_padding=\u00a0\u00bb40px|40px|40px|40px|true|true\u00a0\u00bb box_shadow_style=\u00a0\u00bbpreset3&Prime; global_colors_info=\u00a0\u00bb{}\u00a0\u00bb]<\/p>\n<p>A partir des ann\u00e9es 1960, le rythme de publication de ses romans, se ralentit pendant plusieurs ann\u00e9es, non pas que la source d\u2019inspiration de Mat\u00e9o se soit tarie, mais Flammarion ayant refus\u00e9 de publier son quatri\u00e8me roman, Mat\u00e9o se consacre \u00e0 d\u2019autres activit\u00e9s. L\u2019\u00e9criture y tient toujours sa place sous la forme du journal qu\u2019il r\u00e9dige m\u00e9thodiquement, au jour le jour, depuis le 1er octobre 1944, matrice des r\u00e9cits autobiographiques qu\u2019il publiera plus tard. Converti au pentec\u00f4tisme en 1962, il s\u2019attelle \u00e0 la traduction de la bible en romani.<\/p>\n<p>En 1969, Mateo opte pour un nouveau proc\u00e9d\u00e9 d\u2019\u00e9dition ; d\u00e9sormais il publiera lui-m\u00eame ses livres \u00e0 compte d\u2019auteur. Il inaugure cette nouvelle formule avec la publication de son roman \u00ab La septi\u00e8me fille \u00bb qu\u2019il avait \u00e9crit en 1958 ;\u00a0 puis quinze ans plus tard, en 1984, il fait para\u00eetre \u00ab Condamn\u00e9 \u00e0 survivre \u00bb , \u00ab La poup\u00e9e de Mameliga \u00bb en 1986, \u00ab Vinguerka \u00bb en 1987, \u00ab Dites le avec des pleurs \u00bb en 1990, \u00ab Ce monde qui n\u2019est pas le mien \u00bb en 1992, \u00ab Routes sans roulottes \u00bb en 1993, et \u00ab Les Gens du voyage \u00bb en 1995. Certains titres seront r\u00e9\u00e9dit\u00e9s ult\u00e9rieurement par les \u00e9ditions Wallada et de multiples traductions voient le jour au fil des ann\u00e9es.<\/p>\n<p>[\/et_pb_text][\/et_pb_column][\/et_pb_row][et_pb_row _builder_version=\u00a0\u00bb4.17.0&Prime; _module_preset=\u00a0\u00bbdefault\u00a0\u00bb custom_margin=\u00a0\u00bb40px|auto|49px|auto||\u00a0\u00bb custom_padding=\u00a0\u00bb0px||0px|||\u00a0\u00bb global_colors_info=\u00a0\u00bb{}\u00a0\u00bb][et_pb_column type=\u00a0\u00bb4_4&Prime; _builder_version=\u00a0\u00bb4.17.0&Prime; _module_preset=\u00a0\u00bbdefault\u00a0\u00bb global_colors_info=\u00a0\u00bb{}\u00a0\u00bb][et_pb_image src=\u00a0\u00bbhttp:\/\/exposition-mateo-maximoff.fnasat.asso.fr\/wp-content\/uploads\/2022\/07\/07-Mateo-Maximoff-un-ecrivain-rom-dans-le-siecle-Etudes-Tsiganes-n\u00b060-2017.jpg\u00a0\u00bb title_text=\u00a0\u00bb07-Mat\u00e9o Maximoff un \u00e9crivain rom dans le si\u00e8cle-Etudes Tsiganes n\u00b060-2017&Prime; align=\u00a0\u00bbcenter\u00a0\u00bb _builder_version=\u00a0\u00bb4.17.4&Prime; _module_preset=\u00a0\u00bbdefault\u00a0\u00bb custom_margin=\u00a0\u00bb||44px|||\u00a0\u00bb box_shadow_style=\u00a0\u00bbpreset3&Prime; global_colors_info=\u00a0\u00bb{}\u00a0\u00bb][\/et_pb_image][et_pb_text _builder_version=\u00a0\u00bb4.17.4&Prime; _module_preset=\u00a0\u00bbdefault\u00a0\u00bb global_colors_info=\u00a0\u00bb{}\u00a0\u00bb]En 1986, Mateo re\u00e7oit la m\u00e9daille de Chevalier des arts et des lettres de la part du ministre de la Culture, Jack Lang. Mais c\u2019est \u00e0 titre posthume, que la qualit\u00e9 litt\u00e9raire de son \u0153uvre est v\u00e9ritablement document\u00e9e et analys\u00e9e en profondeur par plusieurs publications \u00e0 travers le monde. L\u2019article de C\u00e9cile Kov\u00e1csh\u00e1zy  \u00ab Mat\u00e9o Maximoff romancier, une vie pour la litt\u00e9rature \u00bb publi\u00e9 dans la revue Etudes Tsiganes, \u00e0 l\u2019occasion du centi\u00e8me anniversaire de la naissance de Mat\u00e9o en 2017, en est l\u2019exemple. Tout en reconnaissant les dimensions historique et anthropologique de cette \u0153uvre, elle s\u2019attache avant tout \u00e0 en souligner la valeur litt\u00e9raire :  dimension \u00e9pique, hybridit\u00e9 litt\u00e9raire du passage de l\u2019oralit\u00e9 \u00e0 l\u2019\u00e9crit, du r\u00e9alisme au fantastique, de la fiction \u00e0 la r\u00e9alit\u00e9.[\/et_pb_text][\/et_pb_column][\/et_pb_row][et_pb_row column_structure=\u00a0\u00bb1_2,1_2&Prime; _builder_version=\u00a0\u00bb4.17.3&Prime; _module_preset=\u00a0\u00bbdefault\u00a0\u00bb custom_padding=\u00a0\u00bb55px||34px|||\u00a0\u00bb global_colors_info=\u00a0\u00bb{}\u00a0\u00bb][et_pb_column type=\u00a0\u00bb1_2&Prime; _builder_version=\u00a0\u00bb4.17.0&Prime; _module_preset=\u00a0\u00bbdefault\u00a0\u00bb global_colors_info=\u00a0\u00bb{}\u00a0\u00bb][et_pb_image src=\u00a0\u00bbhttp:\/\/exposition-mateo-maximoff.fnasat.asso.fr\/wp-content\/uploads\/2022\/07\/MAT-08-200-PP-OK.jpg\u00a0\u00bb title_text=\u00a0\u00bbMAT 08 &#8211; 200 PP-OK\u00a0\u00bb align=\u00a0\u00bbcenter\u00a0\u00bb _builder_version=\u00a0\u00bb4.17.4&Prime; _module_preset=\u00a0\u00bbdefault\u00a0\u00bb custom_margin=\u00a0\u00bb||7px|||\u00a0\u00bb global_colors_info=\u00a0\u00bb{}\u00a0\u00bb][\/et_pb_image][et_pb_text _builder_version=\u00a0\u00bb4.17.4&Prime; _module_preset=\u00a0\u00bbdefault\u00a0\u00bb text_font_size=\u00a0\u00bb16px\u00a0\u00bb text_line_height=\u00a0\u00bb1.2em\u00a0\u00bb custom_margin=\u00a0\u00bb4px|||||\u00a0\u00bb global_colors_info=\u00a0\u00bb{}\u00a0\u00bb]Mat\u00e9o Maximoff, photo Robert Doisneau (archive Maximoff)[\/et_pb_text][\/et_pb_column][et_pb_column type=\u00a0\u00bb1_2&Prime; _builder_version=\u00a0\u00bb4.17.0&Prime; _module_preset=\u00a0\u00bbdefault\u00a0\u00bb global_colors_info=\u00a0\u00bb{}\u00a0\u00bb][et_pb_text _builder_version=\u00a0\u00bb4.17.4&Prime; _module_preset=\u00a0\u00bbdefault\u00a0\u00bb text_font=\u00a0\u00bbPlayfair Display||||||||\u00a0\u00bb background_color=\u00a0\u00bbRGBA(255,255,255,0)\u00a0\u00bb text_orientation=\u00a0\u00bbjustified\u00a0\u00bb custom_margin=\u00a0\u00bb||||false|false\u00a0\u00bb custom_padding=\u00a0\u00bb||||true|true\u00a0\u00bb global_colors_info=\u00a0\u00bb{}\u00a0\u00bb]L\u2019\u0153uvre litt\u00e9raire de Mat\u00e9o Maximoff est bien vivante. Pour preuve les traductions r\u00e9centes  qui viennent de para\u00eetre en 2021, en  Islande, en Espagne et en Slovaquie et la future \u00e9dition bilingue en cours en Angleterre du \u00ab Prix de la libert\u00e9 \u00bb. Il reste \u00e0 esp\u00e9rer qu\u2019une \u00e9dition fran\u00e7aise de l\u2019ensemble de son \u0153uvre, dont la majorit\u00e9 des titres sont \u00e9puis\u00e9s, puisse voir le jour prochainement, ainsi que la publication de ses manuscrits in\u00e9dits dont plusieurs versions de ses romans en langue romani.[\/et_pb_text][\/et_pb_column][\/et_pb_row][et_pb_row _builder_version=\u00a0\u00bb4.17.4&Prime; _module_preset=\u00a0\u00bbdefault\u00a0\u00bb global_colors_info=\u00a0\u00bb{}\u00a0\u00bb][et_pb_column type=\u00a0\u00bb4_4&Prime; _builder_version=\u00a0\u00bb4.17.4&Prime; _module_preset=\u00a0\u00bbdefault\u00a0\u00bb global_colors_info=\u00a0\u00bb{}\u00a0\u00bb][et_pb_video src=\u00a0\u00bbhttp:\/\/exposition-mateo-maximoff.fnasat.asso.fr\/wp-content\/uploads\/2022\/07\/VIDEO-LE-PEUPLE-DE-LA-ROUTE-INA_web.mp4&Prime; image_src=\u00a0\u00bbhttp:\/\/exposition-mateo-maximoff.fnasat.asso.fr\/wp-content\/uploads\/2022\/08\/Capture_ecran_ina.png\u00a0\u00bb _builder_version=\u00a0\u00bb4.17.4&Prime; _module_preset=\u00a0\u00bbdefault\u00a0\u00bb global_colors_info=\u00a0\u00bb{}\u00a0\u00bb][\/et_pb_video][\/et_pb_column][\/et_pb_row][et_pb_row column_structure=\u00a0\u00bb1_2,1_2&Prime; _builder_version=\u00a0\u00bb4.17.0&Prime; _module_preset=\u00a0\u00bbdefault\u00a0\u00bb global_colors_info=\u00a0\u00bb{}\u00a0\u00bb][et_pb_column type=\u00a0\u00bb1_2&Prime; _builder_version=\u00a0\u00bb4.17.0&Prime; _module_preset=\u00a0\u00bbdefault\u00a0\u00bb global_colors_info=\u00a0\u00bb{}\u00a0\u00bb][et_pb_button button_url=\u00a0\u00bb#livres\u00a0\u00bb button_text=\u00a0\u00bbLes livres de Mat\u00e9o Maximoff\u00a0\u00bb _builder_version=\u00a0\u00bb4.17.4&Prime; _module_preset=\u00a0\u00bbdefault\u00a0\u00bb custom_button=\u00a0\u00bbon\u00a0\u00bb button_text_size=\u00a0\u00bb25px\u00a0\u00bb button_text_color=\u00a0\u00bb#FFFFFF\u00a0\u00bb button_bg_use_color_gradient=\u00a0\u00bbon\u00a0\u00bb button_bg_color_gradient_stops=\u00a0\u00bbrgba(0,0,0,0.2) 0%|rgba(0,0,0,0.2) 100%\u00a0\u00bb button_bg_color_gradient_overlays_image=\u00a0\u00bbon\u00a0\u00bb button_bg_image=\u00a0\u00bbhttp:\/\/exposition-mateo-maximoff.fnasat.asso.fr\/wp-content\/uploads\/2022\/05\/bouton5.png\u00a0\u00bb button_icon=\u00a0\u00bb&#x50;||divi||400&Prime; button_on_hover=\u00a0\u00bboff\u00a0\u00bb custom_padding=\u00a0\u00bb20px|60px|20px|40px|true|false\u00a0\u00bb button_text_size_tablet=\u00a0\u00bb25px\u00a0\u00bb button_text_size_phone=\u00a0\u00bb25px\u00a0\u00bb button_text_size_last_edited=\u00a0\u00bbon|phone\u00a0\u00bb custom_css_main_element=\u00a0\u00bbbackground-size: 100%;||transition: all 0.5s ease;\u00a0\u00bb global_colors_info=\u00a0\u00bb{}\u00a0\u00bb custom_css_main_element__hover_enabled=\u00a0\u00bbon|hover\u00a0\u00bb custom_css_main_element__hover=\u00a0\u00bbbackground-size: 130%;||opacity:0.8;\u00a0\u00bb][\/et_pb_button][\/et_pb_column][et_pb_column type=\u00a0\u00bb1_2&Prime; _builder_version=\u00a0\u00bb4.17.0&Prime; _module_preset=\u00a0\u00bbdefault\u00a0\u00bb global_colors_info=\u00a0\u00bb{}\u00a0\u00bb][\/et_pb_column][\/et_pb_row][et_pb_row column_structure=\u00a0\u00bb1_2,1_2&Prime; _builder_version=\u00a0\u00bb4.17.0&Prime; _module_preset=\u00a0\u00bbdefault\u00a0\u00bb global_colors_info=\u00a0\u00bb{}\u00a0\u00bb][et_pb_column type=\u00a0\u00bb1_2&Prime; _builder_version=\u00a0\u00bb4.17.0&Prime; _module_preset=\u00a0\u00bbdefault\u00a0\u00bb global_colors_info=\u00a0\u00bb{}\u00a0\u00bb][et_pb_button button_url=\u00a0\u00bbhttps:\/\/fnasat.centredoc.fr\/index.php?lvl=etagere_see&#038;id=30%20&Prime; url_new_window=\u00a0\u00bbon\u00a0\u00bb button_text=\u00a0\u00bbLe fonds \u00ab litt\u00e9rature romani \u00bb de la M\u00e9diath\u00e8que Mat\u00e9o Maximoff\u00a0\u00bb _builder_version=\u00a0\u00bb4.17.4&Prime; _module_preset=\u00a0\u00bbdefault\u00a0\u00bb custom_button=\u00a0\u00bbon\u00a0\u00bb button_text_size=\u00a0\u00bb25px\u00a0\u00bb button_text_color=\u00a0\u00bb#FFFFFF\u00a0\u00bb button_bg_use_color_gradient=\u00a0\u00bbon\u00a0\u00bb button_bg_color_gradient_stops=\u00a0\u00bbrgba(0,0,0,0.2) 0%|rgba(0,0,0,0.2) 100%\u00a0\u00bb button_bg_color_gradient_overlays_image=\u00a0\u00bbon\u00a0\u00bb button_bg_image=\u00a0\u00bbhttp:\/\/exposition-mateo-maximoff.fnasat.asso.fr\/wp-content\/uploads\/2022\/05\/bouton5.png\u00a0\u00bb button_icon=\u00a0\u00bb&#x50;||divi||400&Prime; button_on_hover=\u00a0\u00bboff\u00a0\u00bb custom_padding=\u00a0\u00bb20px|60px|20px|40px|true|false\u00a0\u00bb button_text_size_tablet=\u00a0\u00bb25px\u00a0\u00bb button_text_size_phone=\u00a0\u00bb25px\u00a0\u00bb button_text_size_last_edited=\u00a0\u00bbon|phone\u00a0\u00bb custom_css_main_element=\u00a0\u00bbbackground-size: 100%;||transition: all 0.5s ease;\u00a0\u00bb global_colors_info=\u00a0\u00bb{}\u00a0\u00bb custom_css_main_element__hover_enabled=\u00a0\u00bbon|hover\u00a0\u00bb custom_css_main_element__hover=\u00a0\u00bbbackground-size: 130%;||opacity:0.8;\u00a0\u00bb][\/et_pb_button][\/et_pb_column][et_pb_column type=\u00a0\u00bb1_2&Prime; _builder_version=\u00a0\u00bb4.17.0&Prime; _module_preset=\u00a0\u00bbdefault\u00a0\u00bb global_colors_info=\u00a0\u00bb{}\u00a0\u00bb][\/et_pb_column][\/et_pb_row][et_pb_row column_structure=\u00a0\u00bb1_2,1_2&Prime; _builder_version=\u00a0\u00bb4.17.0&Prime; _module_preset=\u00a0\u00bbdefault\u00a0\u00bb global_colors_info=\u00a0\u00bb{}\u00a0\u00bb][et_pb_column type=\u00a0\u00bb1_2&Prime; _builder_version=\u00a0\u00bb4.17.0&Prime; _module_preset=\u00a0\u00bbdefault\u00a0\u00bb global_colors_info=\u00a0\u00bb{}\u00a0\u00bb][et_pb_button button_url=\u00a0\u00bbhttps:\/\/fnasat.centredoc.fr\/doc_num.php?explnum_id=1940&Prime; url_new_window=\u00a0\u00bbon\u00a0\u00bb button_text=\u00a0\u00bbC\u00e9cile Kov\u00e1csh\u00e1zy  \u00ab Mat\u00e9o Maximoff romancier, une vie pour la litt\u00e9rature \u00bb\u00a0\u00bb _builder_version=\u00a0\u00bb4.17.4&Prime; _module_preset=\u00a0\u00bbdefault\u00a0\u00bb custom_button=\u00a0\u00bbon\u00a0\u00bb button_text_size=\u00a0\u00bb25px\u00a0\u00bb button_text_color=\u00a0\u00bb#FFFFFF\u00a0\u00bb button_bg_use_color_gradient=\u00a0\u00bbon\u00a0\u00bb button_bg_color_gradient_stops=\u00a0\u00bbrgba(0,0,0,0.2) 0%|rgba(0,0,0,0.2) 100%\u00a0\u00bb button_bg_color_gradient_overlays_image=\u00a0\u00bbon\u00a0\u00bb button_bg_image=\u00a0\u00bbhttp:\/\/exposition-mateo-maximoff.fnasat.asso.fr\/wp-content\/uploads\/2022\/05\/bouton5.png\u00a0\u00bb button_icon=\u00a0\u00bb&#x50;||divi||400&Prime; button_on_hover=\u00a0\u00bboff\u00a0\u00bb custom_padding=\u00a0\u00bb20px|60px|20px|40px|true|false\u00a0\u00bb button_text_size_tablet=\u00a0\u00bb25px\u00a0\u00bb button_text_size_phone=\u00a0\u00bb25px\u00a0\u00bb button_text_size_last_edited=\u00a0\u00bbon|phone\u00a0\u00bb custom_css_main_element=\u00a0\u00bbbackground-size: 100%;||transition: all 0.5s ease;\u00a0\u00bb global_colors_info=\u00a0\u00bb{}\u00a0\u00bb custom_css_main_element__hover_enabled=\u00a0\u00bbon|hover\u00a0\u00bb custom_css_main_element__hover=\u00a0\u00bbbackground-size: 130%;||opacity:0.8;\u00a0\u00bb][\/et_pb_button][\/et_pb_column][et_pb_column type=\u00a0\u00bb1_2&Prime; _builder_version=\u00a0\u00bb4.17.0&Prime; _module_preset=\u00a0\u00bbdefault\u00a0\u00bb global_colors_info=\u00a0\u00bb{}\u00a0\u00bb][\/et_pb_column][\/et_pb_row][\/et_pb_section][et_pb_section fb_built=\u00a0\u00bb1&Prime; admin_label=\u00a0\u00bbPopup &#8211; #livres\u00a0\u00bb module_id=\u00a0\u00bblivres\u00a0\u00bb module_class=\u00a0\u00bbpopup\u00a0\u00bb _builder_version=\u00a0\u00bb4.17.4&Prime; _module_preset=\u00a0\u00bbdefault\u00a0\u00bb da_is_popup=\u00a0\u00bbon\u00a0\u00bb da_popup_slug=\u00a0\u00bblivres\u00a0\u00bb da_disable_devices=\u00a0\u00bboff|off|off\u00a0\u00bb global_colors_info=\u00a0\u00bb{}\u00a0\u00bb da_exit_intent=\u00a0\u00bboff\u00a0\u00bb da_has_close=\u00a0\u00bbon\u00a0\u00bb da_alt_close=\u00a0\u00bboff\u00a0\u00bb da_dark_close=\u00a0\u00bboff\u00a0\u00bb da_not_modal=\u00a0\u00bbon\u00a0\u00bb da_is_singular=\u00a0\u00bboff\u00a0\u00bb da_with_loader=\u00a0\u00bboff\u00a0\u00bb da_has_shadow=\u00a0\u00bbon\u00a0\u00bb][et_pb_row _builder_version=\u00a0\u00bb4.17.3&Prime; _module_preset=\u00a0\u00bbdefault\u00a0\u00bb global_colors_info=\u00a0\u00bb{}\u00a0\u00bb][et_pb_column type=\u00a0\u00bb4_4&Prime; _builder_version=\u00a0\u00bb4.17.3&Prime; _module_preset=\u00a0\u00bbdefault\u00a0\u00bb global_colors_info=\u00a0\u00bb{}\u00a0\u00bb][et_pb_text _builder_version=\u00a0\u00bb4.17.4&Prime; _module_preset=\u00a0\u00bbdefault\u00a0\u00bb text_orientation=\u00a0\u00bbjustified\u00a0\u00bb global_colors_info=\u00a0\u00bb{}\u00a0\u00bb]<\/p>\n<p><strong>LES LIVRES DE MATEO MAXIMOFF<\/strong><\/p>\n<p><strong>Pr\u00e9sent\u00e9s par Nouka Maximoff, conteuse.<\/strong><\/p>\n<p>[\/et_pb_text][\/et_pb_column][\/et_pb_row][et_pb_row column_structure=\u00a0\u00bb1_3,2_3&Prime; _builder_version=\u00a0\u00bb4.17.3&Prime; _module_preset=\u00a0\u00bbdefault\u00a0\u00bb global_colors_info=\u00a0\u00bb{}\u00a0\u00bb][et_pb_column type=\u00a0\u00bb1_3&Prime; _builder_version=\u00a0\u00bb4.17.3&Prime; _module_preset=\u00a0\u00bbdefault\u00a0\u00bb global_colors_info=\u00a0\u00bb{}\u00a0\u00bb][et_pb_image src=\u00a0\u00bbhttp:\/\/exposition-mateo-maximoff.fnasat.asso.fr\/wp-content\/uploads\/2022\/07\/livre1.jpg\u00a0\u00bb title_text=\u00a0\u00bblivre1&Prime; align=\u00a0\u00bbcenter\u00a0\u00bb _builder_version=\u00a0\u00bb4.17.4&Prime; _module_preset=\u00a0\u00bbdefault\u00a0\u00bb global_colors_info=\u00a0\u00bb{}\u00a0\u00bb][\/et_pb_image][\/et_pb_column][et_pb_column type=\u00a0\u00bb2_3&Prime; _builder_version=\u00a0\u00bb4.17.3&Prime; _module_preset=\u00a0\u00bbdefault\u00a0\u00bb global_colors_info=\u00a0\u00bb{}\u00a0\u00bb][et_pb_text _builder_version=\u00a0\u00bb4.17.4&Prime; _module_preset=\u00a0\u00bbdefault\u00a0\u00bb text_orientation=\u00a0\u00bbjustified\u00a0\u00bb global_colors_info=\u00a0\u00bb{}\u00a0\u00bb]<\/p>\n<p><strong>LES URSITORY, Flammarion, \u00e9crit en 1938, paru en 1946<\/strong><\/p>\n<p>\u00ab Les Ursitory \u00bb, paru en 1946, plusieurs ann\u00e9es apr\u00e8s avoir \u00e9t\u00e9 \u00e9crit, pour cause de guerre et de p\u00e9nurie de papier, est le premier roman de Mat\u00e9o Maximoff. C\u2019est l\u2019histoire aventureuse et passionn\u00e9e d\u2019Arniko, un jeune Rom orphelin de p\u00e8re et dont les Ursitory &#8211; les anges du destin &#8211; ont d\u00e9termin\u00e9 l\u2019avenir \u00e0 la naissance. Avenir tr\u00e8s compromis puisqu\u2019il ne doit vivre que jusqu\u2019\u00e0 ce que la b\u00fbche qui br\u00fble sous la tente ou sa m\u00e8re T\u00e9reina vient de le mettre au monde soit enti\u00e8rement consum\u00e9e. Mais c&rsquo;est sans compter sur la finesse et la ruse de Dunicha, la vieille sorci\u00e8re, qui trouve le moyen de contrecarrer la mal\u00e9diction prononc\u00e9e \u00e0 l\u2019encontre de son petit-fils. Mais pour combien de temps ? La vie aventureuse, l\u2019amour et la jalousie d\u2019une femme trahie ne vont-ils pas amener Arniko \u00e0 une perte in\u00e9luctable ? Ce roman, \u00e9crit avec la na\u00efvet\u00e9 et la maladresse de la jeunesse, r\u00e9v\u00e8le au public un v\u00e9ritable talent de conteur qui ne fera que se confirmer et s\u2019affiner tout au long de la carri\u00e8re d\u2019\u00e9crivain de Mat\u00e9o Maximoff.<\/p>\n<p>The Ursitory, London, Chapman &amp;Hall, 1949<br \/>De Schikgodinnen, Leiden (Hollande), A.W. Sijthoff&rsquo;s Uitgeversmij N.V, 1955<br \/>Odets makt, Stockholm, NOK, 1957<br \/>Les Ursitory, Concordia, 1988<br \/>Die Ursitory, Suisse, Unions verlag, 2001<br \/>Sudba Ursitoru, Prague, Argo, 2007<br \/>O Ursitora \/ Sudicky (bilingue romani\/slovaque), Ko\u0161ice : Nad\u00e1cia Dobr\u00e1 r\u00f3mska v\u00edla Kesaj, 2020<\/p>\n<p>&nbsp;<\/p>\n<p>[\/et_pb_text][\/et_pb_column][\/et_pb_row][et_pb_row column_structure=\u00a0\u00bb1_3,2_3&Prime; _builder_version=\u00a0\u00bb4.17.3&Prime; _module_preset=\u00a0\u00bbdefault\u00a0\u00bb global_colors_info=\u00a0\u00bb{}\u00a0\u00bb][et_pb_column type=\u00a0\u00bb1_3&Prime; _builder_version=\u00a0\u00bb4.17.3&Prime; _module_preset=\u00a0\u00bbdefault\u00a0\u00bb global_colors_info=\u00a0\u00bb{}\u00a0\u00bb][et_pb_image src=\u00a0\u00bbhttp:\/\/exposition-mateo-maximoff.fnasat.asso.fr\/wp-content\/uploads\/2022\/07\/livre4.png\u00a0\u00bb title_text=\u00a0\u00bblivre4&Prime; align=\u00a0\u00bbcenter\u00a0\u00bb _builder_version=\u00a0\u00bb4.17.4&Prime; _module_preset=\u00a0\u00bbdefault\u00a0\u00bb global_colors_info=\u00a0\u00bb{}\u00a0\u00bb][\/et_pb_image][\/et_pb_column][et_pb_column type=\u00a0\u00bb2_3&Prime; _builder_version=\u00a0\u00bb4.17.3&Prime; _module_preset=\u00a0\u00bbdefault\u00a0\u00bb global_colors_info=\u00a0\u00bb{}\u00a0\u00bb][et_pb_text _builder_version=\u00a0\u00bb4.17.4&Prime; _module_preset=\u00a0\u00bbdefault\u00a0\u00bb text_orientation=\u00a0\u00bbjustified\u00a0\u00bb global_colors_info=\u00a0\u00bb{}\u00a0\u00bb]<\/p>\n<p><strong>LE PRIX DE LA LIBERTE, Flammarion, 1955<\/strong><\/p>\n<p>L\u2019action de ce roman d\u2019aventures se situe en Roumanie, au milieu du XIX\u00e8me si\u00e8cle, alors que les Roms \u00e9taient encore esclaves des princes, du clerg\u00e9 et des seigneurs ou boyards. Le Prix de la Libert\u00e9 relate un \u00e9pisode de la lutte pour la libert\u00e9 d\u2019un groupe de Tsiganes suite \u00e0 une s\u00e9rie d\u2019injustices qui ont fait d\u2019eux des hors-la-loi. Leur chef, Isvan, est pourchass\u00e9 par les soldats du Vo\u00efvode Andre\u00ef pour un crime qu\u2019il n\u2019a pas commis. Avec toute sa tribu, il s\u2019enfuit dans les montagnes pour \u00e9chapper \u00e0 la haine meurtri\u00e8re de l\u2019inf\u00e2me intendant Yon qui a jur\u00e9 sa mort. Les fugitifs, hommes et femmes, se battent furieusement avec leurs propres armes, allant m\u00eame jusqu\u2019\u00e0 l\u00e2cher contre les soldats un meute d\u2019ours f\u00e9roces. Apr\u00e8s de multiples p\u00e9rip\u00e9ties pleines de rebondissements, le h\u00e9ros de ce r\u00e9cit, Isvan, finit par \u00eatre r\u00e9habilit\u00e9 et les esclaves obtiennent leur libert\u00e9.<\/p>\n<p>Der preis der freiheit, Zurich, Morgarten verlag, 1955<br \/>Le prix de la libert\u00e9, Wall\u00e2da 1996<br \/>Pretull Libertatii, Roumanie Editura AMM, 2005<\/p>\n<p>[\/et_pb_text][\/et_pb_column][\/et_pb_row][et_pb_row column_structure=\u00a0\u00bb1_3,2_3&Prime; _builder_version=\u00a0\u00bb4.17.3&Prime; _module_preset=\u00a0\u00bbdefault\u00a0\u00bb global_colors_info=\u00a0\u00bb{}\u00a0\u00bb][et_pb_column type=\u00a0\u00bb1_3&Prime; _builder_version=\u00a0\u00bb4.17.3&Prime; _module_preset=\u00a0\u00bbdefault\u00a0\u00bb global_colors_info=\u00a0\u00bb{}\u00a0\u00bb][et_pb_image src=\u00a0\u00bbhttp:\/\/exposition-mateo-maximoff.fnasat.asso.fr\/wp-content\/uploads\/2022\/07\/livre8.jpg\u00a0\u00bb title_text=\u00a0\u00bblivre8&Prime; align=\u00a0\u00bbcenter\u00a0\u00bb _builder_version=\u00a0\u00bb4.17.4&Prime; _module_preset=\u00a0\u00bbdefault\u00a0\u00bb global_colors_info=\u00a0\u00bb{}\u00a0\u00bb][\/et_pb_image][\/et_pb_column][et_pb_column type=\u00a0\u00bb2_3&Prime; _builder_version=\u00a0\u00bb4.17.3&Prime; _module_preset=\u00a0\u00bbdefault\u00a0\u00bb global_colors_info=\u00a0\u00bb{}\u00a0\u00bb][et_pb_text _builder_version=\u00a0\u00bb4.17.4&Prime; _module_preset=\u00a0\u00bbdefault\u00a0\u00bb text_orientation=\u00a0\u00bbjustified\u00a0\u00bb global_colors_info=\u00a0\u00bb{}\u00a0\u00bb]<\/p>\n<p><strong>SAVINA, Flammarion, 1957<\/strong><\/p>\n<p>C\u2019est l\u2019histoire d\u2019une passion violente et tragique qui trouve son issue dans une \u00ab Kris \u00bb, c\u2019est-\u00e0-dire le jugement des anciens de la tribu. L\u2019action se passe en Russie, au temps des Tzars, et en Europe centrale. Un soir de beuverie, deux hommes saouls dont les femmes sont enceintes, promettent, comme c\u2019\u00e9tait la coutume chez les Tsiganes, de marier leurs futurs enfants, Ika et Savina. Mais, devenu adulte, Ika, le jeune promis rompt la promesse faite par son p\u00e8re et \u00e9pouse la douce et tendre Schero. Savina, la promise, fille forte et cruelle, se sentant bafou\u00e9e, voue alors une haine vengeresse \u00e0 son ancien fianc\u00e9. Les deux familles se livrent des combats incessants tout en essayant de fuir la folie meurtri\u00e8re des guerres qui font rage autour d\u2019eux. La Kris qui r\u00e9unira les chefs des plus grandes tribus finira par donner justice mais seule la fin tragique de la m\u00e9chante Savina pourra la r\u00e9habiliter aux yeux du lecteur.<br \/>Savina, Stockholm, NOK, 1957<br \/>Savina, Bordeaux, Wallada, 1986<\/p>\n<p>[\/et_pb_text][\/et_pb_column][\/et_pb_row][et_pb_row column_structure=\u00a0\u00bb1_3,2_3&Prime; _builder_version=\u00a0\u00bb4.17.3&Prime; _module_preset=\u00a0\u00bbdefault\u00a0\u00bb global_colors_info=\u00a0\u00bb{}\u00a0\u00bb][et_pb_column type=\u00a0\u00bb1_3&Prime; _builder_version=\u00a0\u00bb4.17.3&Prime; _module_preset=\u00a0\u00bbdefault\u00a0\u00bb global_colors_info=\u00a0\u00bb{}\u00a0\u00bb][et_pb_image src=\u00a0\u00bbhttp:\/\/exposition-mateo-maximoff.fnasat.asso.fr\/wp-content\/uploads\/2022\/07\/livre3.jpg\u00a0\u00bb title_text=\u00a0\u00bblivre3&Prime; align=\u00a0\u00bbcenter\u00a0\u00bb _builder_version=\u00a0\u00bb4.17.4&Prime; _module_preset=\u00a0\u00bbdefault\u00a0\u00bb global_colors_info=\u00a0\u00bb{}\u00a0\u00bb][\/et_pb_image][\/et_pb_column][et_pb_column type=\u00a0\u00bb2_3&Prime; _builder_version=\u00a0\u00bb4.17.3&Prime; _module_preset=\u00a0\u00bbdefault\u00a0\u00bb global_colors_info=\u00a0\u00bb{}\u00a0\u00bb][et_pb_text _builder_version=\u00a0\u00bb4.17.4&Prime; _module_preset=\u00a0\u00bbdefault\u00a0\u00bb text_orientation=\u00a0\u00bbjustified\u00a0\u00bb global_colors_info=\u00a0\u00bb{}\u00a0\u00bb]<\/p>\n<p><strong>LA SEPTIEME FILLE, Concordia, 1982 (\u00e9crit en 1958, paru d\u2019abord en Suisse)<\/strong><\/p>\n<p>Le cadre de ce r\u00e9cit est un camp d\u2019internement pour Tsiganes, dans le Midi de la France, pendant la seconde guerre mondiale. Toute l\u2019histoire se d\u00e9roule en quelques jours. Une tr\u00e8s vieille sorci\u00e8re, Dharani, est sur le point de mourir. Avant de dispara\u00eetre de ce monde, elle doit absolument transmettre ses pouvoirs \u00e0 une autre femme. Or, selon la l\u00e9gende de son peuple, la septi\u00e8me fille d\u2019une septi\u00e8me fille na\u00eet avec le don de sorcellerie. Une fillette de quatre ans, Silenka, remplit ces conditions. La vieille la choisit pour lui succ\u00e9der, et, en agissant sur son subconscient, elle va s \u2018efforcer de lui inculquer en quelques jours ce qu\u2019elle-m\u00eame a mis pr\u00e8s d\u2019une centaine d\u2019ann\u00e9es \u00e0 comprendre. Mais les drames se succ\u00e8dent. Il y a des morts et des disparitions myst\u00e9rieuses. Un ancien de la tribu, Voso, lui-m\u00eame un peu sorcier, en discerne l\u2019origine. Il tente en vain de lutter contre la sorci\u00e8re, de soustraire Silenka \u00e0 son emprise. La sorci\u00e8re mourra au bout de quelques jours et l\u2019enfant sera rendue \u00e0 sa famille. Mais, quand elle sera grande, n\u2019aura-t-elle pas h\u00e9rit\u00e9 des pouvoirs redoutables de Dharani ?<\/p>\n<p>Die Siebente Tohter , Zurich, Flamberg Verlag, 1969<\/p>\n<p>[\/et_pb_text][\/et_pb_column][\/et_pb_row][et_pb_row column_structure=\u00a0\u00bb1_3,2_3&Prime; _builder_version=\u00a0\u00bb4.17.3&Prime; _module_preset=\u00a0\u00bbdefault\u00a0\u00bb global_colors_info=\u00a0\u00bb{}\u00a0\u00bb][et_pb_column type=\u00a0\u00bb1_3&Prime; _builder_version=\u00a0\u00bb4.17.3&Prime; _module_preset=\u00a0\u00bbdefault\u00a0\u00bb global_colors_info=\u00a0\u00bb{}\u00a0\u00bb][et_pb_image src=\u00a0\u00bbhttp:\/\/exposition-mateo-maximoff.fnasat.asso.fr\/wp-content\/uploads\/2022\/07\/livre6.jpg\u00a0\u00bb title_text=\u00a0\u00bblivre6&Prime; align=\u00a0\u00bbcenter\u00a0\u00bb _builder_version=\u00a0\u00bb4.17.4&Prime; _module_preset=\u00a0\u00bbdefault\u00a0\u00bb global_colors_info=\u00a0\u00bb{}\u00a0\u00bb][\/et_pb_image][\/et_pb_column][et_pb_column type=\u00a0\u00bb2_3&Prime; _builder_version=\u00a0\u00bb4.17.3&Prime; _module_preset=\u00a0\u00bbdefault\u00a0\u00bb global_colors_info=\u00a0\u00bb{}\u00a0\u00bb][et_pb_text _builder_version=\u00a0\u00bb4.17.4&Prime; _module_preset=\u00a0\u00bbdefault\u00a0\u00bb text_orientation=\u00a0\u00bbjustified\u00a0\u00bb global_colors_info=\u00a0\u00bb{}\u00a0\u00bb]<\/p>\n<p><strong>CONDAMNE A SURVIVRE \u00ab Gitan ou chr\u00e9tien ? \u00bb , Concordia, 1984<\/strong><\/p>\n<p>Condamn\u00e9 par la Kris (le jugement des anciens) pour le meurtre de sa femme qu\u2019il croyait infid\u00e8le, Khantchi doit fuir pendant plus de trente ans la mortelle vengeance de ses beaux-fr\u00e8res. D\u00e9port\u00e9 pour avoir gifl\u00e9 un policier, il sera lib\u00e9r\u00e9 sur le chemin de l\u2019exil par les amis politiques des \u00ab Rouges \u00bb. Nous sommes dans la Russie r\u00e9volutionnaire. Au cours de multiples p\u00e9rip\u00e9ties, toujours passionnantes et souvent dramatiques, il rencontrera le Christ sauveur dans une petite assembl\u00e9e \u00e9vang\u00e9lique. Il y re\u00e7oit le bapt\u00eame. Mais c\u2019est un nomade et il reprend la route. Son long voyage s\u2019ach\u00e8vera dans un camp de concentration de l\u2019Allemagne nazie. C\u2019est l\u00e0 qu\u2019il retrouvera l\u2019un de ceux qui avaient jur\u00e9 sa mort. Le chr\u00e9tien qu\u2019il est devenu doit-il pardonner ? ou observer encore les coutumes de sa race et tuer le menteur qui l\u2019a tant fait souffrir ? Gitan ou chr\u00e9tien ?<\/p>\n<p>Verdammt zu leben. Zigeunerroman, Bern, Zytglogge, 1988<\/p>\n<p>&nbsp;<\/p>\n<p>[\/et_pb_text][\/et_pb_column][\/et_pb_row][et_pb_row column_structure=\u00a0\u00bb1_3,2_3&Prime; _builder_version=\u00a0\u00bb4.17.3&Prime; _module_preset=\u00a0\u00bbdefault\u00a0\u00bb global_colors_info=\u00a0\u00bb{}\u00a0\u00bb][et_pb_column type=\u00a0\u00bb1_3&Prime; _builder_version=\u00a0\u00bb4.17.3&Prime; _module_preset=\u00a0\u00bbdefault\u00a0\u00bb global_colors_info=\u00a0\u00bb{}\u00a0\u00bb][et_pb_image src=\u00a0\u00bbhttp:\/\/exposition-mateo-maximoff.fnasat.asso.fr\/wp-content\/uploads\/2022\/07\/livre7.jpg\u00a0\u00bb title_text=\u00a0\u00bblivre7&Prime; align=\u00a0\u00bbcenter\u00a0\u00bb _builder_version=\u00a0\u00bb4.17.4&Prime; _module_preset=\u00a0\u00bbdefault\u00a0\u00bb global_colors_info=\u00a0\u00bb{}\u00a0\u00bb][\/et_pb_image][\/et_pb_column][et_pb_column type=\u00a0\u00bb2_3&Prime; _builder_version=\u00a0\u00bb4.17.3&Prime; _module_preset=\u00a0\u00bbdefault\u00a0\u00bb global_colors_info=\u00a0\u00bb{}\u00a0\u00bb][et_pb_text _builder_version=\u00a0\u00bb4.17.4&Prime; _module_preset=\u00a0\u00bbdefault\u00a0\u00bb text_orientation=\u00a0\u00bbjustified\u00a0\u00bb global_colors_info=\u00a0\u00bb{}\u00a0\u00bb]<\/p>\n<p><strong>LA POUPEE DE MAMELIGA \u00ab Le livre de la peur \u00bb, Concordia, 1986<\/strong><\/p>\n<p>Les Roms s\u2019installent lentement autour du samovar. Les femmes portent le th\u00e9. C\u2019est la veill\u00e9e. On a tout le temps\u2026<br \/>Autour du cercueil, les histoires se succ\u00e8dent : un mort qui n\u2019est pas vraiment mort et qu\u2019il faut tuer \u00e0 nouveau\u2026 une femme qui quitte son cercueil pour poursuivre le voleur qui lui a d\u00e9rob\u00e9 ses bijoux dans sa tombe\u2026 deux cadavres qui se battent jusqu\u2019aux premi\u00e8res lueurs de l\u2019aube\u2026 une tombe qui se referme sur une main ouverte\u2026 Le lecteur se laisse peu \u00e0 peu entra\u00eener dans l\u2019univers myst\u00e9rieux du \u00ab peuple de la nuit \u00bb.<\/p>\n<p>La bambola de mameliga, Torino, Eurostudio, 1986<\/p>\n<p>[\/et_pb_text][\/et_pb_column][\/et_pb_row][et_pb_row _builder_version=\u00a0\u00bb4.17.3&Prime; _module_preset=\u00a0\u00bbdefault\u00a0\u00bb global_colors_info=\u00a0\u00bb{}\u00a0\u00bb][et_pb_column type=\u00a0\u00bb4_4&Prime; _builder_version=\u00a0\u00bb4.17.3&Prime; _module_preset=\u00a0\u00bbdefault\u00a0\u00bb global_colors_info=\u00a0\u00bb{}\u00a0\u00bb][et_pb_text _builder_version=\u00a0\u00bb4.17.4&Prime; _module_preset=\u00a0\u00bbdefault\u00a0\u00bb text_orientation=\u00a0\u00bbjustified\u00a0\u00bb global_colors_info=\u00a0\u00bb{}\u00a0\u00bb]<\/p>\n<p><strong>VINGUERKA \u00ab La petite fianc\u00e9e \u00bb, Concordia,1987<\/strong><\/p>\n<p>Nous sommes en Russie en 1820. L\u2019esclavage des Tsiganes n\u2019est pas encore aboli. Un campement de Roms appartenant tous au \u00ab Ma\u00eetre \u00bbdu ch\u00e2teau sur les terres duquel ils vivent et travaillent en \u00e9change d\u2019une maigre nourriture et quelques mauvais traitements. Deux enfants, Drago et Vinguerka, sont promis l\u2019un \u00e0 l\u2019autre depuis la naissance. Vinguerka, petite danseuse leste et gracieuse, a le malheur de plaire au jeune Dimitri, fils du puissant seigneur. A partir de l\u00e0 se succ\u00e8dent plusieurs \u00e9v\u00e9nements dramatiques. Vinguerka est enlev\u00e9e \u00e0 sa famille et Drago emprisonn\u00e9 au fond d\u2019un cachot humide et malsain dans lequel il devrait finir ses jours. Pour \u00e9chapper \u00e0 son sort, il accepte de s\u2019engager comme mercenaire dans l\u2019arm\u00e9e du Tzar, en guerre contre les tribus d\u2019Asie et de Sib\u00e9rie. Le d\u00e9nouement absolument surprenant ne pourra pas laisser le lecteur indiff\u00e9rent.<\/p>\n<p><strong>DITES-LE AVEC DES PLEURS, Concordia, 1990<\/strong><\/p>\n<p>Mat\u00e9o retrace, \u00e0 travers ces lignes, sa vie de Tsigane nomade, depuis la rencontre de son p\u00e8re, Rom venu de Russie avec sa m\u00e8re, Manouche de France, durant la premi\u00e8re guerre mondiale, jusqu\u2019\u00e0 la semi-s\u00e9dentarisation apr\u00e8s la deuxi\u00e8me guerre, en r\u00e9gion parisienne. Ce r\u00e9cit est construit autour des propres souvenirs de l\u2019auteur et des r\u00e9cits de divers personnages qui ont marqu\u00e9 sa jeunesse. Il est parsem\u00e9 de t\u00e9moignages de personnes rescap\u00e9es des camps de la mort.<\/p>\n<p><strong>CE MONDE QUI N\u2019EST PAS LE MIEN, Concordia,1992<\/strong><\/p>\n<p>Ce roman met en sc\u00e8ne une tribu de Roms Kald\u00e9rash qui vit en Russie au d\u00e9but du XIX\u00e8me si\u00e8cle. L\u2019auteur nous conte les aventures d\u2019un jeune Rom, devenu trop t\u00f4t orphelin, enlev\u00e9 par des loups, sauv\u00e9 par des chasseurs mongols, \u00e9lev\u00e9 par les moines, devenant virtuose de balala\u00efka, puis retrouvant sa communaut\u00e9 et son identit\u00e9 Rom. On retrouve certaines traditions : la mani\u00e8re de rendre la justice au sein de la Kris, le mythe de la Mamiorhi, les luttes impitoyables entre les Roms et le reste du monde, la fuite de toujours devant la police, le besoin de partir \u00e0 la d\u00e9couverte de nouveaux horizons\u2026<\/p>\n<p><strong>ROUTES SANS ROULOTTES, Concordia, 1993<\/strong><\/p>\n<p>Ce r\u00e9cit est totalement autobiographique. Mat\u00e9o nous livre la premi\u00e8re partie de ses \u00ab m\u00e9moires \u00bb en commen\u00e7ant par nous relater l\u2019histoire de sa famille d\u2019aussi loin qu\u2019il ait pu remonter, c\u2019est \u00e0 dire vers 1810. Puis vient sa naissance dont m\u00eame la date reste incertaine, puis sa jeunesse itin\u00e9rante et tourment\u00e9e, la mort de sa m\u00e8re lorsqu\u2019il avait 8 ans puis celle de son p\u00e8re quelques ann\u00e9es plus tard, les retrouvailles avec la famille manouche de sa m\u00e8re. Puis survient la guerre, l\u2019exode, les camps fran\u00e7ais d\u2019internement pour Tsiganes et la naissance de son talent d\u2019\u00e9crivain. Ce r\u00e9cit se termine avec le retour \u00e0 Paris en 1944 et la publication du premier roman chez Flammarion.<\/p>\n<p><strong>LES GENS DU VOYAGE (Album 160 photos noir et blanc), Concordia, 1995<\/strong><\/p>\n<p>En tant que Tsigane nomade Rom Kald\u00e9rash, Mat\u00e9o Maximoff a parcouru 32 pays comme romancier conf\u00e9rencier, mais surtout comme pasteur missionnaire de la Mission Evang\u00e9lique Tsigane. Son but \u00e9tait surtout de rencontrer les gens de son peuple, de quelque tribu qu\u2019ils soient, \u00e0 travers le monde. Mat\u00e9o n\u2019est pas un photographe professionnel. Son principal objectif est de garder de ses nombreuses rencontres au cours de ses voyages une trace, un t\u00e9moignage de la vie des Roms. Comme il est l\u2019un d\u2019eux et qu\u2019il parle leur langue, les Roms lui permettent de photographier librement ; mais il ne profite pas de la situation et ne cherche pas \u00e0 faire du sensationnel. Entre les ann\u00e9es 60 et 90, il prend plus de 20 000 photos dont environ 14 000 diapositives. Il a lui-m\u00eame s\u00e9lectionn\u00e9 pour cet ouvrage 160 photos.<\/p>\n<p><strong>Autres \u00e9ditions et traductions<\/strong><\/p>\n<p>Kon si o Jesus ? Evangile en romani, Pierrefitte : Soci\u00e9t\u00e9 Biblique Fran\u00e7aise, 1981<br \/>E Rut : Tolmacisardinas. Le livre de Ruth, Ancien testament traduit en kalderash, Stockholm, EFS Forlaget, 1983<br \/>Gjilia Davidoske, Le Psalmi. Le chant de David, les Psaumes, Soci\u00e9t\u00e9 Biblique Fran\u00e7aise, 1984<br \/>E nevi vastia, Le nouveau testament traduit en kalderash, Pierrefitte : Soci\u00e9t\u00e9 Biblique Fran\u00e7aise, 1995<\/p>\n<p><strong>Ouvrages collectifs<\/strong><\/p>\n<p>Tsiganes. Otto Daettwyler und Mateo Maximoff. (Ed. Buchergilde Gutenberg , 1959)<br \/>Tsiganes : nomades myst\u00e9rieux . Karl Rinderknecht , Andr\u00e9 Barth\u00e9l\u00e9my , Francis Lang , Mat\u00e9o Maximoff , Carl-Herman Tillhagen, (Editions Mondo , 1973)<br \/>Les Anges du destin Texte de Mat\u00e9o Maximoff, photos de Claude et Marie-jos\u00e9 Carret (Filigranes, 1999)<br \/>Quatre contes de la \u00ab Poup\u00e9e de Mameliga \u00bb traduits en islandais in : Sunnudagsmatur : og fleiri sogur romafolks , (Rekjavik, Stofnun, 2020)<\/p>\n<p>[\/et_pb_text][\/et_pb_column][\/et_pb_row][\/et_pb_section][et_pb_section fb_built=\u00a0\u00bb1&Prime; admin_label=\u00a0\u00bbPopup &#8211; #camp\u00a0\u00bb module_id=\u00a0\u00bbcamp\u00a0\u00bb module_class=\u00a0\u00bbpopup\u00a0\u00bb _builder_version=\u00a0\u00bb4.17.4&Prime; _module_preset=\u00a0\u00bbdefault\u00a0\u00bb da_is_popup=\u00a0\u00bbon\u00a0\u00bb da_popup_slug=\u00a0\u00bbcamp\u00a0\u00bb da_disable_devices=\u00a0\u00bboff|off|off\u00a0\u00bb global_colors_info=\u00a0\u00bb{}\u00a0\u00bb da_exit_intent=\u00a0\u00bboff\u00a0\u00bb da_has_close=\u00a0\u00bbon\u00a0\u00bb da_alt_close=\u00a0\u00bboff\u00a0\u00bb da_dark_close=\u00a0\u00bboff\u00a0\u00bb da_not_modal=\u00a0\u00bbon\u00a0\u00bb da_is_singular=\u00a0\u00bboff\u00a0\u00bb da_with_loader=\u00a0\u00bboff\u00a0\u00bb da_has_shadow=\u00a0\u00bbon\u00a0\u00bb][et_pb_row _builder_version=\u00a0\u00bb4.17.3&Prime; _module_preset=\u00a0\u00bbdefault\u00a0\u00bb global_colors_info=\u00a0\u00bb{}\u00a0\u00bb][et_pb_column type=\u00a0\u00bb4_4&Prime; _builder_version=\u00a0\u00bb4.17.3&Prime; _module_preset=\u00a0\u00bbdefault\u00a0\u00bb global_colors_info=\u00a0\u00bb{}\u00a0\u00bb][et_pb_text _builder_version=\u00a0\u00bb4.18.0&Prime; _module_preset=\u00a0\u00bbdefault\u00a0\u00bb text_font_size=\u00a0\u00bb27px\u00a0\u00bb hover_enabled=\u00a0\u00bb0&Prime; global_colors_info=\u00a0\u00bb{}\u00a0\u00bb sticky_enabled=\u00a0\u00bb0&Prime;]\u00ab le cercle litt\u00e9raire \u00bb du camp de Lannemezan[\/et_pb_text][et_pb_text _builder_version=\u00a0\u00bb4.18.0&Prime; _module_preset=\u00a0\u00bbdefault\u00a0\u00bb text_orientation=\u00a0\u00bbjustified\u00a0\u00bb hover_enabled=\u00a0\u00bb0&Prime; global_colors_info=\u00a0\u00bb{}\u00a0\u00bb sticky_enabled=\u00a0\u00bb0&Prime;]Pendant une heure au moins chaque jour, entre midi et deux heures, pendant les heures de repos, quand notre s\u0153ur nous avait amen\u00e9 \u00e0 manger, \u00e0 Yoska et \u00e0 moi, je prenais un livre et je lisais. J\u2019aimais bien lire, surtout des livres que j\u2019avais emprunt\u00e9s \u00e0 la biblioth\u00e8que du maire. I y avait l\u00e0 un Espagnol qui trouva un jour un de ces livres que j\u2019avais oubli\u00e9 sur l\u2019herbe. Il cria presque :<br \/>\n&#8211; Qui lit ce bouquin ?<br \/>\nD\u2019abord \u00e9tonn\u00e9, j\u2019ai r\u00e9pondu :<br \/>\n&#8211; Il est \u00e0 moi !<br \/>\n&#8211; Et vous, un gitan, vous lisez un livre d\u2019une telle importance ?<br \/>\nJe lui ai r\u00e9pondu :<br \/>\n&#8211; Qu\u2019est-ce que vous voulez dire ? Mais enfin, je suis un \u00e9crivain de m\u00e9tier. Enfin, je vais le devenir. Ainsi, j\u2019aime bien lire des livres.<br \/>\n&#8211; Ah ! dit-il ; Caramba !<br \/>\nVoil\u00e0 ce qu\u2019il m\u2019a dit avant d\u2019ajouter :<br \/>\n&#8211; Viens donc chez moi ce soir apr\u00e8s le travail !<br \/>\nJ\u2019avais en effet la permission de rester hors du camp jusqu\u2019\u00e0 huit heures si je le voulais puisque je travaillais.<br \/>\nEt en effet, apr\u00e8s le travail, je suis all\u00e9 les voir, lui et sa femme. Ils avaient aussi une petite fille. Il me montra une belle biblioth\u00e8que. Je me demandais comment un Espagnol, simple ouvrier, pouvait avoir une aussi belle biblioth\u00e8que, aussi fournie que celle du maire, elle-m\u00eame assez importante, avec des ouvrages s\u00e9lectionn\u00e9s.<br \/>\nIl m\u2019a dit :<br \/>\n&#8211; Qu\u2019est-ce que tu \u00e9cris puisque tu as dit que tu \u00e9cris ?<br \/>\n&#8211; Pour le moment, je n\u2019ai rien publi\u00e9 ; j\u2019ai quelques manuscrits \u00e9crits \u00e0 la main.<br \/>\n&#8211; Est-ce-que je peux les lire ?<br \/>\n&#8211; Oui, bien entendu, je vous les passerai.<br \/>\nMais je pouvais emprunter de ses livres \u00e0 la biblioth\u00e8que.<br \/>\nCe que moi je ne savais pas et dont je ne m\u2019\u00e9tais pas rendu compte, c\u2019est que cet Espagnol \u00e9tait un Juif qui avait chang\u00e9 de nom pour pouvoir travailler. Je lui ai donc pass\u00e9 un de mes manuscrits, peut-\u00eatre m\u00eame plusieurs, je ne sais plus. Il m\u2019a dit :<br \/>\n&#8211; Tu sais que tu \u00e9cris comme Pana\u00eft Istrati ?<br \/>\n&#8211; Qui est cet auteur ? demandai-je. Je n\u2019ai jamais entendu parler de lui.<br \/>\nEt il m\u2019a pass\u00e9 des livres de cet auteur roumain. On m\u2019a souvent dans ma vie renouvel\u00e9 cette comparaison. C\u2019est ainsi que j\u2019ai fait connaissance d\u2019une nouvelle litt\u00e9rature que j\u2019ignorais jusque-l\u00e0. Pour moi, la comparaison \u00e9tait absolument fausse puisque je ne connaissais rien de cet auteur quand j\u2019ai commenc\u00e9 \u00e0 \u00e9crire.<br \/>\nD\u2019un autre c\u00f4t\u00e9, il y avait dans la ville un couple de r\u00e9fugi\u00e9s parisiens ; ils \u00e9taient l\u2019un et l\u2019autre instituteur, ils avaient entendu parler de moi \u00e0 cause de mes \u00e9crits ; ils ont donc demand\u00e9 \u00e0 me voir et \u00e0 lire ce que j\u2019avais \u00e9crit. Ce qui a \u00e9t\u00e9 fait, et ensuite, nous avons fait connaissance ; ainsi nous sommes devenus des amis, formant une sorte de cercle litt\u00e9raire, et cela sans que je m\u2019en rende compte moi-m\u00eame. Je me perfectionnais chaque jour.<br \/>\nMa\u00eetre Isorni est venu plaider \u00e0 Auch qui est encore assez loin de Lannemezan, dans un d\u00e9partement voisin. Il m\u2019a \u00e9crit qu\u2019il voulait me voir, si possible. Je lui ai bien s\u00fbr r\u00e9pondu que je viendrais. J\u2019ai demand\u00e9 une permission que j\u2019ai obtenue facilement en montrant la lettre de Ma\u00eetre Isorni. Je suis all\u00e9 l\u00e0-bas, \u00e0 Auch, o\u00f9 Ma\u00eetre Isorni plaidait pour une cause que j\u2019ai oubli\u00e9e.<br \/>\nNous avons pass\u00e9 une journ\u00e9e ensemble, nous avons aussi d\u00e9jeun\u00e9 ensemble. Finalement il m\u2019a dit :<br \/>\n\uf02d Vos \u00e9crits me plaisent beaucoup ; je vais essayer de vous avoir un contrat avec Flammarion. Mais ne comptez pas \u00eatre \u00e9dit\u00e9 maintenant ; ce ne sera probablement qu\u2019apr\u00e8s la guerre. Il me faut votre autorisation, et d\u00e8s que je l\u2019aurai je pourrai vous envoyer 6 000 francs par Flammarion.<br \/>\nSix mille francs de l\u2019\u00e9poque, c\u2019\u00e9tait une fortune pour moi qui travaillais \u00e0 l\u2019usine pour 45 francs par jours.<br \/>\nIl me dit encore :<br \/>\n&#8211; Je ne peux pas vous envoyer toute la somme \u00e0 la fois, je vous enverrai 1 000 francs par mois.<br \/>\nC\u2019\u00e9tait d\u00e9j\u00e0 quelque chose.<br \/>\nAlors il m\u2019a beaucoup encourag\u00e9 et m\u2019a dit :<br \/>\n&#8211; Surtout garde bien ton style, car tu en as un bien \u00e0 toi. Il y a un style Victor Hugo, il y a un style Guy de Maupassant, il y a un style Mallarm\u00e9, et il y a un style Mat\u00e9o Maximoff. Eh bien, garde-le !<br \/>\nMalheureusement je ne crois pas que je l\u2019ai gard\u00e9.[\/et_pb_text][et_pb_text _builder_version=\u00a0\u00bb4.17.4&Prime; _module_preset=\u00a0\u00bbdefault\u00a0\u00bb text_font=\u00a0\u00bb||on||||||\u00a0\u00bb global_colors_info=\u00a0\u00bb{}\u00a0\u00bb]Mat\u00e9o Maximoff<br \/>\nRoutes sans roulottes[\/et_pb_text][\/et_pb_column][\/et_pb_row][\/et_pb_section][et_pb_section fb_built=\u00a0\u00bb1&Prime; admin_label=\u00a0\u00bbSection\u00a0\u00bb module_id=\u00a0\u00bbdecouvrir\u00a0\u00bb _builder_version=\u00a0\u00bb4.17.0&Prime; _module_preset=\u00a0\u00bbdefault\u00a0\u00bb background_color=\u00a0\u00bb#020202&Prime; custom_margin=\u00a0\u00bb2px|||||\u00a0\u00bb custom_padding=\u00a0\u00bb87px||0px||false|false\u00a0\u00bb da_popup_slug=\u00a0\u00bbdecouvrir\u00a0\u00bb da_disable_devices=\u00a0\u00bboff|off|off\u00a0\u00bb global_module=\u00a0\u00bb561&Prime; global_colors_info=\u00a0\u00bb{}\u00a0\u00bb da_is_popup=\u00a0\u00bboff\u00a0\u00bb da_exit_intent=\u00a0\u00bboff\u00a0\u00bb da_has_close=\u00a0\u00bbon\u00a0\u00bb da_alt_close=\u00a0\u00bboff\u00a0\u00bb da_dark_close=\u00a0\u00bboff\u00a0\u00bb da_not_modal=\u00a0\u00bbon\u00a0\u00bb da_is_singular=\u00a0\u00bboff\u00a0\u00bb da_with_loader=\u00a0\u00bboff\u00a0\u00bb da_has_shadow=\u00a0\u00bbon\u00a0\u00bb][et_pb_row column_structure=\u00a0\u00bb1_4,1_4,1_4,1_4&Prime; use_custom_gutter=\u00a0\u00bbon\u00a0\u00bb gutter_width=\u00a0\u00bb2&Prime; make_equal=\u00a0\u00bbon\u00a0\u00bb _builder_version=\u00a0\u00bb4.16.0&Prime; _module_preset=\u00a0\u00bbdefault\u00a0\u00bb max_width=\u00a0\u00bb100%\u00a0\u00bb custom_padding=\u00a0\u00bb0px||0px|||\u00a0\u00bb global_colors_info=\u00a0\u00bb{}\u00a0\u00bb][et_pb_column type=\u00a0\u00bb1_4&Prime; _builder_version=\u00a0\u00bb4.16.0&Prime; _module_preset=\u00a0\u00bbdefault\u00a0\u00bb global_colors_info=\u00a0\u00bb{}\u00a0\u00bb][et_pb_text _builder_version=\u00a0\u00bb4.17.4&Prime; _dynamic_attributes=\u00a0\u00bblink_option_url\u00a0\u00bb _module_preset=\u00a0\u00bbdefault\u00a0\u00bb text_font=\u00a0\u00bbPlayfair Display|||on|||||\u00a0\u00bb text_text_color=\u00a0\u00bb#FFFFFF\u00a0\u00bb text_font_size=\u00a0\u00bb22px\u00a0\u00bb text_line_height=\u00a0\u00bb1.2em\u00a0\u00bb use_background_color_gradient=\u00a0\u00bbon\u00a0\u00bb background_color_gradient_stops=\u00a0\u00bbrgba(0,0,0,0.3) 0%|rgba(0,0,0,0.5) 100%\u00a0\u00bb background_color_gradient_overlays_image=\u00a0\u00bbon\u00a0\u00bb background_image=\u00a0\u00bbhttp:\/\/exposition-mateo-maximoff.fnasat.asso.fr\/wp-content\/uploads\/2022\/04\/9405-1.jpg\u00a0\u00bb parallax=\u00a0\u00bbon\u00a0\u00bb width=\u00a0\u00bb100%\u00a0\u00bb max_width=\u00a0\u00bb100%\u00a0\u00bb module_alignment=\u00a0\u00bbcenter\u00a0\u00bb min_height=\u00a0\u00bb300px\u00a0\u00bb height=\u00a0\u00bb300px\u00a0\u00bb max_height=\u00a0\u00bb300px\u00a0\u00bb custom_padding=\u00a0\u00bb50px|20px||20px|false|false\u00a0\u00bb link_option_url=\u00a0\u00bb@ET-DC@eyJkeW5hbWljIjp0cnVlLCJjb250ZW50IjoicG9zdF9saW5rX3VybF9wYWdlIiwic2V0dGluZ3MiOnsicG9zdF9pZCI6IjI3MCJ9fQ==@\u00a0\u00bb custom_css_main_element=\u00a0\u00bbbackground-size: 100%;||transition: all 0.5s ease;\u00a0\u00bb global_colors_info=\u00a0\u00bb{}\u00a0\u00bb custom_css_main_element__hover_enabled=\u00a0\u00bbon|hover\u00a0\u00bb custom_css_main_element__hover=\u00a0\u00bbbackground-size: 130%;||opacity:0.8;\u00a0\u00bb border_width_all__hover_enabled=\u00a0\u00bbon|hover\u00a0\u00bb border_width_all__hover=\u00a0\u00bb0px\u00a0\u00bb]<\/p>\n<p>LE R\u00e9CIT FAMILIAL<\/p>\n<p>[\/et_pb_text][\/et_pb_column][et_pb_column type=\u00a0\u00bb1_4&Prime; _builder_version=\u00a0\u00bb4.16.0&Prime; _module_preset=\u00a0\u00bbdefault\u00a0\u00bb global_colors_info=\u00a0\u00bb{}\u00a0\u00bb][et_pb_text _builder_version=\u00a0\u00bb4.17.4&Prime; _dynamic_attributes=\u00a0\u00bblink_option_url\u00a0\u00bb _module_preset=\u00a0\u00bbdefault\u00a0\u00bb text_font=\u00a0\u00bbPlayfair Display|||on|||||\u00a0\u00bb text_text_color=\u00a0\u00bb#FFFFFF\u00a0\u00bb text_font_size=\u00a0\u00bb22px\u00a0\u00bb text_line_height=\u00a0\u00bb1.2em\u00a0\u00bb use_background_color_gradient=\u00a0\u00bbon\u00a0\u00bb background_color_gradient_stops=\u00a0\u00bbrgba(0,0,0,0.3) 0%|rgba(0,0,0,0.5) 100%\u00a0\u00bb background_color_gradient_overlays_image=\u00a0\u00bbon\u00a0\u00bb background_image=\u00a0\u00bbhttp:\/\/exposition-mateo-maximoff.fnasat.asso.fr\/wp-content\/uploads\/2022\/04\/02-Famille-Maximoff-en-1924-de-g.ad_.-Raida-Pauline-Elisa-Steis-Nina-Lolia-Grigor-Maximoff-Serga-Mateo-1924-Ornano-studio-1.jpg\u00a0\u00bb parallax=\u00a0\u00bbon\u00a0\u00bb width=\u00a0\u00bb100%\u00a0\u00bb max_width=\u00a0\u00bb100%\u00a0\u00bb min_height=\u00a0\u00bb300px\u00a0\u00bb height=\u00a0\u00bb300px\u00a0\u00bb max_height=\u00a0\u00bb300px\u00a0\u00bb custom_padding=\u00a0\u00bb50px|20px||20px|false|false\u00a0\u00bb link_option_url=\u00a0\u00bb@ET-DC@eyJkeW5hbWljIjp0cnVlLCJjb250ZW50IjoicG9zdF9saW5rX3VybF9wYWdlIiwic2V0dGluZ3MiOnsicG9zdF9pZCI6IjM1OCJ9fQ==@\u00a0\u00bb custom_css_main_element=\u00a0\u00bbbackground-size: 100%;||transition: all 0.5s ease;\u00a0\u00bb global_colors_info=\u00a0\u00bb{}\u00a0\u00bb custom_css_main_element__hover_enabled=\u00a0\u00bbon|hover\u00a0\u00bb custom_css_main_element__hover=\u00a0\u00bbbackground-size: 130%;||opacity:0.8;\u00a0\u00bb text_letter_spacing__hover_enabled=\u00a0\u00bbon|desktop\u00a0\u00bb]<\/p>\n<p>A LA CROIS\u00e9E DES MONDES ROMS ET MANOUCHES<\/p>\n<p>[\/et_pb_text][\/et_pb_column][et_pb_column type=\u00a0\u00bb1_4&Prime; _builder_version=\u00a0\u00bb4.16.0&Prime; _module_preset=\u00a0\u00bbdefault\u00a0\u00bb global_colors_info=\u00a0\u00bb{}\u00a0\u00bb][et_pb_text _builder_version=\u00a0\u00bb4.17.4&Prime; _dynamic_attributes=\u00a0\u00bblink_option_url\u00a0\u00bb _module_preset=\u00a0\u00bbdefault\u00a0\u00bb text_font=\u00a0\u00bbPlayfair Display|||on|||||\u00a0\u00bb text_text_color=\u00a0\u00bb#FFFFFF\u00a0\u00bb text_font_size=\u00a0\u00bb22px\u00a0\u00bb text_line_height=\u00a0\u00bb1.2em\u00a0\u00bb use_background_color_gradient=\u00a0\u00bbon\u00a0\u00bb background_color_gradient_stops=\u00a0\u00bbrgba(0,0,0,0.3) 0%|rgba(0,0,0,0.5) 100%\u00a0\u00bb background_color_gradient_overlays_image=\u00a0\u00bbon\u00a0\u00bb background_image=\u00a0\u00bbhttp:\/\/exposition-mateo-maximoff.fnasat.asso.fr\/wp-content\/uploads\/2022\/04\/Mateo_Maximoff-1.jpg\u00a0\u00bb parallax=\u00a0\u00bbon\u00a0\u00bb width=\u00a0\u00bb100%\u00a0\u00bb max_width=\u00a0\u00bb100%\u00a0\u00bb min_height=\u00a0\u00bb300px\u00a0\u00bb height=\u00a0\u00bb300px\u00a0\u00bb max_height=\u00a0\u00bb300px\u00a0\u00bb custom_padding=\u00a0\u00bb50px|20px||20px|false|false\u00a0\u00bb link_option_url=\u00a0\u00bb@ET-DC@eyJkeW5hbWljIjp0cnVlLCJjb250ZW50IjoicG9zdF9saW5rX3VybF9wYWdlIiwic2V0dGluZ3MiOnsicG9zdF9pZCI6IjM5OCJ9fQ==@\u00a0\u00bb custom_css_main_element=\u00a0\u00bbbackground-size: 100%;||transition: all 0.5s ease;\u00a0\u00bb global_colors_info=\u00a0\u00bb{}\u00a0\u00bb custom_css_main_element__hover_enabled=\u00a0\u00bbon|hover\u00a0\u00bb custom_css_main_element__hover=\u00a0\u00bbbackground-size: 130%;||opacity:0.8;\u00a0\u00bb]<\/p>\n<p>LES ANN\u00e9ES<br \/>SOMBRES<\/p>\n<p>[\/et_pb_text][\/et_pb_column][et_pb_column type=\u00a0\u00bb1_4&Prime; _builder_version=\u00a0\u00bb4.16.0&Prime; _module_preset=\u00a0\u00bbdefault\u00a0\u00bb global_colors_info=\u00a0\u00bb{}\u00a0\u00bb][et_pb_text _builder_version=\u00a0\u00bb4.17.4&Prime; _dynamic_attributes=\u00a0\u00bblink_option_url\u00a0\u00bb _module_preset=\u00a0\u00bbdefault\u00a0\u00bb text_font=\u00a0\u00bbPlayfair Display|||on|||||\u00a0\u00bb text_text_color=\u00a0\u00bb#FFFFFF\u00a0\u00bb text_font_size=\u00a0\u00bb22px\u00a0\u00bb text_line_height=\u00a0\u00bb1.2em\u00a0\u00bb use_background_color_gradient=\u00a0\u00bbon\u00a0\u00bb background_color_gradient_stops=\u00a0\u00bbrgba(0,0,0,0.3) 0%|rgba(0,0,0,0.5) 100%\u00a0\u00bb background_color_gradient_overlays_image=\u00a0\u00bbon\u00a0\u00bb background_image=\u00a0\u00bbhttp:\/\/exposition-mateo-maximoff.fnasat.asso.fr\/wp-content\/uploads\/2022\/04\/BELA_BERNAND-1.jpg\u00a0\u00bb parallax=\u00a0\u00bbon\u00a0\u00bb width=\u00a0\u00bb100%\u00a0\u00bb max_width=\u00a0\u00bb100%\u00a0\u00bb min_height=\u00a0\u00bb300px\u00a0\u00bb height=\u00a0\u00bb300px\u00a0\u00bb max_height=\u00a0\u00bb300px\u00a0\u00bb custom_padding=\u00a0\u00bb50px|20px||20px|false|false\u00a0\u00bb link_option_url=\u00a0\u00bb@ET-DC@eyJkeW5hbWljIjp0cnVlLCJjb250ZW50IjoicG9zdF9saW5rX3VybF9wYWdlIiwic2V0dGluZ3MiOnsicG9zdF9pZCI6IjQyNCJ9fQ==@\u00a0\u00bb custom_css_main_element=\u00a0\u00bbbackground-size: 100%;||transition: all 0.5s ease;\u00a0\u00bb global_colors_info=\u00a0\u00bb{}\u00a0\u00bb custom_css_main_element__hover_enabled=\u00a0\u00bbon|hover\u00a0\u00bb custom_css_main_element__hover=\u00a0\u00bbbackground-size: 130%;||opacity:0.8;\u00a0\u00bb]<\/p>\n<p>JE CONTINUE A \u00e9CRIRE C\u2019EST MA SEULE CONSOLATION<\/p>\n<p>[\/et_pb_text][\/et_pb_column][\/et_pb_row][et_pb_row column_structure=\u00a0\u00bb1_4,1_4,1_4,1_4&Prime; use_custom_gutter=\u00a0\u00bbon\u00a0\u00bb gutter_width=\u00a0\u00bb2&Prime; make_equal=\u00a0\u00bbon\u00a0\u00bb _builder_version=\u00a0\u00bb4.16.1&Prime; _module_preset=\u00a0\u00bbdefault\u00a0\u00bb max_width=\u00a0\u00bb100%\u00a0\u00bb custom_padding=\u00a0\u00bb30px||170px|||\u00a0\u00bb global_colors_info=\u00a0\u00bb{}\u00a0\u00bb][et_pb_column type=\u00a0\u00bb1_4&Prime; _builder_version=\u00a0\u00bb4.16.0&Prime; _module_preset=\u00a0\u00bbdefault\u00a0\u00bb global_colors_info=\u00a0\u00bb{}\u00a0\u00bb][et_pb_text _builder_version=\u00a0\u00bb4.17.4&Prime; _dynamic_attributes=\u00a0\u00bblink_option_url\u00a0\u00bb _module_preset=\u00a0\u00bbdefault\u00a0\u00bb text_font=\u00a0\u00bbPlayfair Display||||||||\u00a0\u00bb text_text_color=\u00a0\u00bb#FFFFFF\u00a0\u00bb text_font_size=\u00a0\u00bb22px\u00a0\u00bb text_line_height=\u00a0\u00bb1.2em\u00a0\u00bb use_background_color_gradient=\u00a0\u00bbon\u00a0\u00bb background_color_gradient_stops=\u00a0\u00bbrgba(0,0,0,0.3) 0%|rgba(0,0,0,0.3) 100%\u00a0\u00bb background_color_gradient_overlays_image=\u00a0\u00bbon\u00a0\u00bb background_image=\u00a0\u00bbhttp:\/\/exposition-mateo-maximoff.fnasat.asso.fr\/wp-content\/uploads\/2022\/04\/01-Tita-et-Mateo-Maximoff-Saintes-Maries-de-la-mer-annees-50-photo-DR-1.jpg\u00a0\u00bb parallax=\u00a0\u00bbon\u00a0\u00bb width=\u00a0\u00bb100%\u00a0\u00bb max_width=\u00a0\u00bb100%\u00a0\u00bb min_height=\u00a0\u00bb300px\u00a0\u00bb height=\u00a0\u00bb300px\u00a0\u00bb max_height=\u00a0\u00bb300px\u00a0\u00bb custom_padding=\u00a0\u00bb50px|20px||20px|false|false\u00a0\u00bb link_option_url=\u00a0\u00bb@ET-DC@eyJkeW5hbWljIjp0cnVlLCJjb250ZW50IjoicG9zdF9saW5rX3VybF9wYWdlIiwic2V0dGluZ3MiOnsicG9zdF9pZCI6IjQ3NCJ9fQ==@\u00a0\u00bb custom_css_main_element=\u00a0\u00bbbackground-size: 100%;||transition: all 0.5s ease;\u00a0\u00bb global_colors_info=\u00a0\u00bb{}\u00a0\u00bb custom_css_main_element__hover_enabled=\u00a0\u00bbon|hover\u00a0\u00bb custom_css_main_element__hover=\u00a0\u00bbbackground-size: 130%;||opacity:0.8;\u00a0\u00bb]<\/p>\n<p>MONTRER LA VIE DES ROMS TELLE QU\u2019ELLE EST<\/p>\n<p>[\/et_pb_text][\/et_pb_column][et_pb_column type=\u00a0\u00bb1_4&Prime; _builder_version=\u00a0\u00bb4.16.0&Prime; _module_preset=\u00a0\u00bbdefault\u00a0\u00bb global_colors_info=\u00a0\u00bb{}\u00a0\u00bb][et_pb_text _builder_version=\u00a0\u00bb4.17.4&Prime; _dynamic_attributes=\u00a0\u00bblink_option_url\u00a0\u00bb _module_preset=\u00a0\u00bbdefault\u00a0\u00bb text_font=\u00a0\u00bbPlayfair Display|||on|||||\u00a0\u00bb text_text_color=\u00a0\u00bb#FFFFFF\u00a0\u00bb text_font_size=\u00a0\u00bb22px\u00a0\u00bb text_line_height=\u00a0\u00bb1.2em\u00a0\u00bb use_background_color_gradient=\u00a0\u00bbon\u00a0\u00bb background_color_gradient_stops=\u00a0\u00bbrgba(0,0,0,0.3) 0%|rgba(0,0,0,0.3) 100%\u00a0\u00bb background_color_gradient_overlays_image=\u00a0\u00bbon\u00a0\u00bb background_image=\u00a0\u00bbhttp:\/\/exposition-mateo-maximoff.fnasat.asso.fr\/wp-content\/uploads\/2022\/04\/predicateur-1.jpg\u00a0\u00bb parallax=\u00a0\u00bbon\u00a0\u00bb width=\u00a0\u00bb100%\u00a0\u00bb max_width=\u00a0\u00bb100%\u00a0\u00bb min_height=\u00a0\u00bb300px\u00a0\u00bb height=\u00a0\u00bb300px\u00a0\u00bb max_height=\u00a0\u00bb300px\u00a0\u00bb custom_padding=\u00a0\u00bb50px|20px||20px|false|false\u00a0\u00bb link_option_url=\u00a0\u00bb@ET-DC@eyJkeW5hbWljIjp0cnVlLCJjb250ZW50IjoicG9zdF9saW5rX3VybF9wYWdlIiwic2V0dGluZ3MiOnsicG9zdF9pZCI6IjUxMyJ9fQ==@\u00a0\u00bb custom_css_main_element=\u00a0\u00bbbackground-size: 100%;||transition: all 0.5s ease;\u00a0\u00bb global_colors_info=\u00a0\u00bb{}\u00a0\u00bb custom_css_main_element__hover_enabled=\u00a0\u00bbon|hover\u00a0\u00bb custom_css_main_element__hover=\u00a0\u00bbbackground-size: 130%;||opacity:0.8;\u00a0\u00bb]<\/p>\n<p>LE PREDICATEUR<br \/>MAT\u00e9O<\/p>\n<p>[\/et_pb_text][\/et_pb_column][et_pb_column type=\u00a0\u00bb1_4&Prime; _builder_version=\u00a0\u00bb4.16.0&Prime; _module_preset=\u00a0\u00bbdefault\u00a0\u00bb global_colors_info=\u00a0\u00bb{}\u00a0\u00bb][et_pb_text _builder_version=\u00a0\u00bb4.17.4&Prime; _dynamic_attributes=\u00a0\u00bblink_option_url\u00a0\u00bb _module_preset=\u00a0\u00bbdefault\u00a0\u00bb text_font=\u00a0\u00bbPlayfair Display|||on|||||\u00a0\u00bb text_text_color=\u00a0\u00bb#FFFFFF\u00a0\u00bb text_font_size=\u00a0\u00bb22px\u00a0\u00bb text_line_height=\u00a0\u00bb1.2em\u00a0\u00bb use_background_color_gradient=\u00a0\u00bbon\u00a0\u00bb background_color_gradient_stops=\u00a0\u00bbrgba(0,0,0,0.3) 0%|rgba(0,0,0,0.3) 100%\u00a0\u00bb background_color_gradient_overlays_image=\u00a0\u00bbon\u00a0\u00bb background_image=\u00a0\u00bbhttp:\/\/exposition-mateo-maximoff.fnasat.asso.fr\/wp-content\/uploads\/2022\/04\/01-Les-Roms-manifestent-pour-obtenir-reparation-aupres-des-Allemands-pour-leur-internement-dans-les-camps-Paris-1980-2-photo-Mateo-Maximoff-1.jpg\u00a0\u00bb parallax=\u00a0\u00bbon\u00a0\u00bb width=\u00a0\u00bb100%\u00a0\u00bb max_width=\u00a0\u00bb100%\u00a0\u00bb min_height=\u00a0\u00bb300px\u00a0\u00bb height=\u00a0\u00bb300px\u00a0\u00bb max_height=\u00a0\u00bb300px\u00a0\u00bb custom_padding=\u00a0\u00bb50px|20px||20px|false|false\u00a0\u00bb link_option_url=\u00a0\u00bb@ET-DC@eyJkeW5hbWljIjp0cnVlLCJjb250ZW50IjoicG9zdF9saW5rX3VybF9wYWdlIiwic2V0dGluZ3MiOnsicG9zdF9pZCI6IjUzMCJ9fQ==@\u00a0\u00bb custom_css_main_element=\u00a0\u00bbbackground-size: 100%;||transition: all 0.5s ease;\u00a0\u00bb global_colors_info=\u00a0\u00bb{}\u00a0\u00bb custom_css_main_element__hover_enabled=\u00a0\u00bbon|hover\u00a0\u00bb custom_css_main_element__hover=\u00a0\u00bbbackground-size: 130%;||opacity:0.8;\u00a0\u00bb]<\/p>\n<p>UN HOMME ENGAG\u00e9<\/p>\n<p>[\/et_pb_text][\/et_pb_column][et_pb_column type=\u00a0\u00bb1_4&Prime; _builder_version=\u00a0\u00bb4.16.0&Prime; _module_preset=\u00a0\u00bbdefault\u00a0\u00bb global_colors_info=\u00a0\u00bb{}\u00a0\u00bb][et_pb_text _builder_version=\u00a0\u00bb4.17.4&Prime; _dynamic_attributes=\u00a0\u00bblink_option_url\u00a0\u00bb _module_preset=\u00a0\u00bbdefault\u00a0\u00bb text_font=\u00a0\u00bbPlayfair Display||||||||\u00a0\u00bb text_text_color=\u00a0\u00bb#FFFFFF\u00a0\u00bb text_font_size=\u00a0\u00bb22px\u00a0\u00bb text_line_height=\u00a0\u00bb1.2em\u00a0\u00bb use_background_color_gradient=\u00a0\u00bbon\u00a0\u00bb background_color_gradient_stops=\u00a0\u00bbrgba(0,0,0,0.3) 0%|rgba(0,0,0,0.3) 100%\u00a0\u00bb background_color_gradient_overlays_image=\u00a0\u00bbon\u00a0\u00bb background_image=\u00a0\u00bbhttp:\/\/exposition-mateo-maximoff.fnasat.asso.fr\/wp-content\/uploads\/2022\/04\/01-Chez-Mateo-Raida-Mateo-et-son-petit-neveu-Ryad-1.jpg\u00a0\u00bb parallax=\u00a0\u00bbon\u00a0\u00bb width=\u00a0\u00bb100%\u00a0\u00bb max_width=\u00a0\u00bb100%\u00a0\u00bb min_height=\u00a0\u00bb300px\u00a0\u00bb height=\u00a0\u00bb300px\u00a0\u00bb max_height=\u00a0\u00bb300px\u00a0\u00bb custom_padding=\u00a0\u00bb50px|20px||20px|false|false\u00a0\u00bb link_option_url=\u00a0\u00bb@ET-DC@eyJkeW5hbWljIjp0cnVlLCJjb250ZW50IjoicG9zdF9saW5rX3VybF9wYWdlIiwic2V0dGluZ3MiOnsicG9zdF9pZCI6IjU0MyJ9fQ==@\u00a0\u00bb custom_css_main_element=\u00a0\u00bbbackground-size: 100%;||transition: all 0.5s ease;\u00a0\u00bb global_colors_info=\u00a0\u00bb{}\u00a0\u00bb custom_css_main_element__hover_enabled=\u00a0\u00bbon|hover\u00a0\u00bb custom_css_main_element__hover=\u00a0\u00bbbackground-size: 130%;||opacity:0.8;\u00a0\u00bb]<\/p>\n<p>UNE VIE POUR TRANSMETTRE<\/p>\n<p>[\/et_pb_text][\/et_pb_column][\/et_pb_row][\/et_pb_section]<\/p>\n","protected":false},"excerpt":{"rendered":"<p>JE CONTINUE A \u00e9CRIRE C\u2019EST MA SEULE CONSOLATION &laquo;Je me souviens que Savka, mon grand-oncle, nous avait dit juste avant la guerre : &#8211; Regardez-vous bien les uns les autres, vous les jeunes, car jamais vous ne serez plus ensemble. Oui, nous \u00e9tions encore quelques-uns \u00e0 \u00eatre r\u00e9unis. Mais combien d\u2019entre nous manquaient. Certains \u00e9taient [&hellip;]<\/p>\n","protected":false},"author":1,"featured_media":0,"parent":0,"menu_order":0,"comment_status":"closed","ping_status":"open","template":"","meta":{"_et_pb_use_builder":"on","_et_pb_old_content":"","_et_gb_content_width":"","footnotes":""},"class_list":["post-424","page","type-page","status-publish","hentry"],"_links":{"self":[{"href":"https:\/\/exposition-mateo-maximoff.fnasat.asso.fr\/index.php\/wp-json\/wp\/v2\/pages\/424","targetHints":{"allow":["GET"]}}],"collection":[{"href":"https:\/\/exposition-mateo-maximoff.fnasat.asso.fr\/index.php\/wp-json\/wp\/v2\/pages"}],"about":[{"href":"https:\/\/exposition-mateo-maximoff.fnasat.asso.fr\/index.php\/wp-json\/wp\/v2\/types\/page"}],"author":[{"embeddable":true,"href":"https:\/\/exposition-mateo-maximoff.fnasat.asso.fr\/index.php\/wp-json\/wp\/v2\/users\/1"}],"replies":[{"embeddable":true,"href":"https:\/\/exposition-mateo-maximoff.fnasat.asso.fr\/index.php\/wp-json\/wp\/v2\/comments?post=424"}],"version-history":[{"count":0,"href":"https:\/\/exposition-mateo-maximoff.fnasat.asso.fr\/index.php\/wp-json\/wp\/v2\/pages\/424\/revisions"}],"wp:attachment":[{"href":"https:\/\/exposition-mateo-maximoff.fnasat.asso.fr\/index.php\/wp-json\/wp\/v2\/media?parent=424"}],"curies":[{"name":"wp","href":"https:\/\/api.w.org\/{rel}","templated":true}]}}